{"id":577,"date":"2020-05-29T18:40:54","date_gmt":"2020-05-29T18:40:54","guid":{"rendered":"https:\/\/liturgia.o2switch.net\/lajussienne-com-sauvegarde-vieux-site\/?page_id=577"},"modified":"2020-05-29T23:55:10","modified_gmt":"2020-05-29T23:55:10","slug":"armes-royales","status":"publish","type":"page","link":"https:\/\/liturgia.o2switch.net\/lajussienne-com-sauvegarde-vieux-site\/masques\/armes-royales\/","title":{"rendered":"Armes royales &#8211; masques de protection chics en tissu &#8211; collection historique"},"content":{"rendered":"\t\t<div data-elementor-type=\"wp-page\" data-elementor-id=\"577\" class=\"elementor elementor-577\" data-elementor-post-type=\"page\">\n\t\t\t\t\t\t<section class=\"elementor-section elementor-top-section elementor-element elementor-element-36d5e4b4 elementor-section-content-middle elementor-section-boxed elementor-section-height-default elementor-section-height-default\" data-id=\"36d5e4b4\" data-element_type=\"section\" data-settings=\"{&quot;background_background&quot;:&quot;classic&quot;}\">\n\t\t\t\t\t\t\t<div class=\"elementor-background-overlay\"><\/div>\n\t\t\t\t\t\t\t<div class=\"elementor-container elementor-column-gap-default\">\n\t\t\t\t\t<div class=\"elementor-column elementor-col-50 elementor-top-column elementor-element elementor-element-493bcd2e\" data-id=\"493bcd2e\" data-element_type=\"column\" data-settings=\"{&quot;background_background&quot;:&quot;classic&quot;}\">\n\t\t\t<div class=\"elementor-widget-wrap elementor-element-populated\">\n\t\t\t\t\t\t<section class=\"elementor-section elementor-inner-section elementor-element elementor-element-577f35a2 elementor-section-boxed elementor-section-height-default elementor-section-height-default elementor-invisible\" data-id=\"577f35a2\" data-element_type=\"section\" data-settings=\"{&quot;background_background&quot;:&quot;classic&quot;,&quot;animation&quot;:&quot;fadeIn&quot;}\">\n\t\t\t\t\t\t<div class=\"elementor-container elementor-column-gap-default\">\n\t\t\t\t\t<div class=\"elementor-column elementor-col-100 elementor-inner-column elementor-element elementor-element-335d8812\" data-id=\"335d8812\" data-element_type=\"column\" data-settings=\"{&quot;background_background&quot;:&quot;classic&quot;}\">\n\t\t\t<div class=\"elementor-widget-wrap elementor-element-populated\">\n\t\t\t\t\t\t<div class=\"elementor-element elementor-element-2d236147 elementor-widget elementor-widget-heading\" data-id=\"2d236147\" data-element_type=\"widget\" data-widget_type=\"heading.default\">\n\t\t\t\t<div class=\"elementor-widget-container\">\n\t\t\t<h2 class=\"elementor-heading-title elementor-size-default\"><a href=\"https:\/\/liturgia.o2switch.net\/lajussienne-com-sauvegarde-vieux-site\/masques\/\">La Jussienne pr\u00e9sente<\/a><\/h2>\t\t<\/div>\n\t\t\t\t<\/div>\n\t\t\t\t<div class=\"elementor-element elementor-element-309eab7d elementor-widget elementor-widget-heading\" data-id=\"309eab7d\" data-element_type=\"widget\" data-widget_type=\"heading.default\">\n\t\t\t\t<div class=\"elementor-widget-container\">\n\t\t\t<h2 class=\"elementor-heading-title elementor-size-default\"><a href=\"https:\/\/liturgia.o2switch.net\/lajussienne-com-sauvegarde-vieux-site\/masques\/\">Armes de France<\/a><\/h2>\t\t<\/div>\n\t\t\t\t<\/div>\n\t\t\t\t\t<\/div>\n\t\t<\/div>\n\t\t\t\t\t<\/div>\n\t\t<\/section>\n\t\t\t\t\t<\/div>\n\t\t<\/div>\n\t\t\t\t<div class=\"elementor-column elementor-col-50 elementor-top-column elementor-element elementor-element-4f1f89ca elementor-hidden-phone elementor-invisible\" data-id=\"4f1f89ca\" data-element_type=\"column\" data-settings=\"{&quot;animation&quot;:&quot;fadeIn&quot;,&quot;animation_delay&quot;:&quot;100&quot;}\">\n\t\t\t<div class=\"elementor-widget-wrap elementor-element-populated\">\n\t\t\t\t\t\t<div class=\"elementor-element elementor-element-36803a1d elementor-hidden-phone elementor--h-position-center elementor--v-position-middle elementor-arrows-position-inside elementor-pagination-position-inside elementor-widget elementor-widget-slides\" data-id=\"36803a1d\" data-element_type=\"widget\" data-settings=\"{&quot;navigation&quot;:&quot;both&quot;,&quot;autoplay&quot;:&quot;yes&quot;,&quot;pause_on_hover&quot;:&quot;yes&quot;,&quot;pause_on_interaction&quot;:&quot;yes&quot;,&quot;autoplay_speed&quot;:5000,&quot;infinite&quot;:&quot;yes&quot;,&quot;transition&quot;:&quot;slide&quot;,&quot;transition_speed&quot;:500}\" data-widget_type=\"slides.default\">\n\t\t\t\t<div class=\"elementor-widget-container\">\n\t\t\t\t\t<div class=\"elementor-swiper\">\n\t\t\t<div class=\"elementor-slides-wrapper elementor-main-swiper swiper\" dir=\"ltr\" data-animation=\"fadeInUp\">\n\t\t\t\t<div class=\"swiper-wrapper elementor-slides\">\n\t\t\t\t\t\t\t\t\t\t<div class=\"elementor-repeater-item-9afd1a8 swiper-slide\"><div class=\"swiper-slide-bg\" role=\"img\"><\/div><a class=\"swiper-slide-inner\" href=\"https:\/\/liturgia.o2switch.net\/lajussienne-com-sauvegarde-vieux-site\/masques\/sproduct\/henri-iv-et-marie-de-medicis-masque-de-protection-5eaa9004e4474211217b591b-1456-1\/\"><div class=\"swiper-slide-contents\"><\/div><\/a><\/div><div class=\"elementor-repeater-item-77161ae swiper-slide\"><div class=\"swiper-slide-bg\" role=\"img\"><\/div><a class=\"swiper-slide-inner\" href=\"https:\/\/liturgia.o2switch.net\/lajussienne-com-sauvegarde-vieux-site\/masques\/sproduct\/louis-xiii-masque-de-protection-5ea938112225096b436e0efd-1456-1\/\"><div class=\"swiper-slide-contents\"><\/div><\/a><\/div><div class=\"elementor-repeater-item-19a945e swiper-slide\"><div class=\"swiper-slide-bg\" role=\"img\"><\/div><a class=\"swiper-slide-inner\" href=\"https:\/\/liturgia.o2switch.net\/lajussienne-com-sauvegarde-vieux-site\/masques\/sproduct\/armes-de-france-masque-de-protection-5ea930e0e4474278326691a3-1456-1\/\"><div class=\"swiper-slide-contents\"><\/div><\/a><\/div>\t\t\t\t<\/div>\n\t\t\t\t\t\t\t\t\t\t\t\t\t\t\t<div class=\"swiper-pagination\"><\/div>\n\t\t\t\t\t\t\t\t\t\t\t\t\t\t\t\t<div class=\"elementor-swiper-button elementor-swiper-button-prev\" role=\"button\" tabindex=\"0\">\n\t\t\t\t\t\t\t<i aria-hidden=\"true\" class=\"eicon-chevron-left\"><\/i>\t\t\t\t\t\t\t<span class=\"elementor-screen-only\">Diapositive pr\u00e9c\u00e9dente<\/span>\n\t\t\t\t\t\t<\/div>\n\t\t\t\t\t\t<div class=\"elementor-swiper-button elementor-swiper-button-next\" role=\"button\" tabindex=\"0\">\n\t\t\t\t\t\t\t<i aria-hidden=\"true\" class=\"eicon-chevron-right\"><\/i>\t\t\t\t\t\t\t<span class=\"elementor-screen-only\">Diapositive suivante<\/span>\n\t\t\t\t\t\t<\/div>\n\t\t\t\t\t\t\t\t\t\t\t\t<\/div>\n\t\t<\/div>\n\t\t\t\t<\/div>\n\t\t\t\t<\/div>\n\t\t\t\t\t<\/div>\n\t\t<\/div>\n\t\t\t\t\t<\/div>\n\t\t<\/section>\n\t\t\t\t<section class=\"elementor-section elementor-top-section elementor-element elementor-element-3422c0e7 envato-kit-141-top-0 elementor-section-boxed elementor-section-height-default elementor-section-height-default\" data-id=\"3422c0e7\" data-element_type=\"section\" data-settings=\"{&quot;background_background&quot;:&quot;classic&quot;,&quot;animation&quot;:&quot;none&quot;}\">\n\t\t\t\t\t\t\t<div class=\"elementor-background-overlay\"><\/div>\n\t\t\t\t\t\t\t<div class=\"elementor-container elementor-column-gap-default\">\n\t\t\t\t\t<div class=\"elementor-column elementor-col-100 elementor-top-column elementor-element elementor-element-76b22a02\" data-id=\"76b22a02\" data-element_type=\"column\">\n\t\t\t<div class=\"elementor-widget-wrap elementor-element-populated\">\n\t\t\t\t\t\t<div class=\"elementor-element elementor-element-240e25ff elementor-invisible elementor-widget elementor-widget-heading\" data-id=\"240e25ff\" data-element_type=\"widget\" data-settings=\"{&quot;_animation&quot;:&quot;fadeIn&quot;,&quot;_animation_delay&quot;:150}\" data-widget_type=\"heading.default\">\n\t\t\t\t<div class=\"elementor-widget-container\">\n\t\t\t<h2 class=\"elementor-heading-title elementor-size-default\">La distinction dans la distanciation<\/h2>\t\t<\/div>\n\t\t\t\t<\/div>\n\t\t\t\t<div class=\"elementor-element elementor-element-276df001 elementor-invisible elementor-widget elementor-widget-heading\" data-id=\"276df001\" data-element_type=\"widget\" data-settings=\"{&quot;_animation&quot;:&quot;fadeIn&quot;,&quot;_animation_delay&quot;:100}\" data-widget_type=\"heading.default\">\n\t\t\t\t<div class=\"elementor-widget-container\">\n\t\t\t<h2 class=\"elementor-heading-title elementor-size-default\">Armes royales de France<\/h2>\t\t<\/div>\n\t\t\t\t<\/div>\n\t\t\t\t<div class=\"elementor-element elementor-element-4f799629 elementor-widget-divider--view-line elementor-invisible elementor-widget elementor-widget-divider\" data-id=\"4f799629\" data-element_type=\"widget\" data-settings=\"{&quot;_animation&quot;:&quot;fadeIn&quot;,&quot;_animation_delay&quot;:200}\" data-widget_type=\"divider.default\">\n\t\t\t\t<div class=\"elementor-widget-container\">\n\t\t\t\t\t<div class=\"elementor-divider\">\n\t\t\t<span class=\"elementor-divider-separator\">\n\t\t\t\t\t\t<\/span>\n\t\t<\/div>\n\t\t\t\t<\/div>\n\t\t\t\t<\/div>\n\t\t\t\t<div class=\"elementor-element elementor-element-19f76b18 elementor-invisible elementor-widget elementor-widget-heading\" data-id=\"19f76b18\" data-element_type=\"widget\" data-settings=\"{&quot;_animation&quot;:&quot;fadeIn&quot;,&quot;_animation_delay&quot;:250}\" data-widget_type=\"heading.default\">\n\t\t\t\t<div class=\"elementor-widget-container\">\n\t\t\t<h2 class=\"elementor-heading-title elementor-size-default\">D'azur \u00e0 trois fleurs de lys d'or<br>Voici le blasonnement h\u00e9raldiques des armes de France, arbor\u00e9es sur nos masques individuels en tissu et lavables. Nos dessins reprennent des gravures des armes royales de saint Louis, de Louis XIII, de Louis XIV ou de la reine Marie-Th\u00e9r\u00e8se.<\/h2>\t\t<\/div>\n\t\t\t\t<\/div>\n\t\t\t\t\t<\/div>\n\t\t<\/div>\n\t\t\t\t\t<\/div>\n\t\t<\/section>\n\t\t\t\t<section class=\"elementor-section elementor-top-section elementor-element elementor-element-7a6d1874 elementor-section-stretched elementor-section-full_width elementor-section-height-default elementor-section-height-default\" data-id=\"7a6d1874\" data-element_type=\"section\" data-settings=\"{&quot;stretch_section&quot;:&quot;section-stretched&quot;,&quot;background_background&quot;:&quot;classic&quot;}\">\n\t\t\t\t\t\t<div class=\"elementor-container elementor-column-gap-default\">\n\t\t\t\t\t<div class=\"elementor-column elementor-col-100 elementor-top-column elementor-element elementor-element-654386fe\" data-id=\"654386fe\" data-element_type=\"column\">\n\t\t\t<div class=\"elementor-widget-wrap elementor-element-populated\">\n\t\t\t\t\t\t<div class=\"elementor-element elementor-element-5db79bcf elementor-widget elementor-widget-text-editor\" data-id=\"5db79bcf\" data-element_type=\"widget\" data-widget_type=\"text-editor.default\">\n\t\t\t\t<div class=\"elementor-widget-container\">\n\t\t\t\t\t\t\t<p>[spreadplugin shop_topic=\u00a0\u00bblUWVOssLgO\u00a0\u00bb]<\/p>\t\t\t\t\t\t<\/div>\n\t\t\t\t<\/div>\n\t\t\t\t\t<\/div>\n\t\t<\/div>\n\t\t\t\t\t<\/div>\n\t\t<\/section>\n\t\t\t\t<section class=\"elementor-section elementor-top-section elementor-element elementor-element-58fbe50e elementor-section-height-min-height elementor-section-boxed elementor-section-height-default elementor-section-items-middle\" data-id=\"58fbe50e\" data-element_type=\"section\" data-settings=\"{&quot;background_background&quot;:&quot;classic&quot;}\">\n\t\t\t\t\t\t<div class=\"elementor-container elementor-column-gap-default\">\n\t\t\t\t\t<div class=\"elementor-column elementor-col-100 elementor-top-column elementor-element elementor-element-28bff8b9\" data-id=\"28bff8b9\" data-element_type=\"column\">\n\t\t\t<div class=\"elementor-widget-wrap elementor-element-populated\">\n\t\t\t\t\t\t<section class=\"elementor-section elementor-inner-section elementor-element elementor-element-746305f3 elementor-section-boxed elementor-section-height-default elementor-section-height-default\" data-id=\"746305f3\" data-element_type=\"section\">\n\t\t\t\t\t\t<div class=\"elementor-container elementor-column-gap-default\">\n\t\t\t\t\t<div class=\"elementor-column elementor-col-33 elementor-inner-column elementor-element elementor-element-39e5d64c\" data-id=\"39e5d64c\" data-element_type=\"column\">\n\t\t\t<div class=\"elementor-widget-wrap elementor-element-populated\">\n\t\t\t\t\t\t<div class=\"elementor-element elementor-element-6125f896 elementor-widget-divider--view-line elementor-widget elementor-widget-divider\" data-id=\"6125f896\" data-element_type=\"widget\" data-widget_type=\"divider.default\">\n\t\t\t\t<div class=\"elementor-widget-container\">\n\t\t\t\t\t<div class=\"elementor-divider\">\n\t\t\t<span class=\"elementor-divider-separator\">\n\t\t\t\t\t\t<\/span>\n\t\t<\/div>\n\t\t\t\t<\/div>\n\t\t\t\t<\/div>\n\t\t\t\t\t<\/div>\n\t\t<\/div>\n\t\t\t\t<div class=\"elementor-column elementor-col-33 elementor-inner-column elementor-element elementor-element-2247c648\" data-id=\"2247c648\" data-element_type=\"column\">\n\t\t\t<div class=\"elementor-widget-wrap elementor-element-populated\">\n\t\t\t\t\t\t<div class=\"elementor-element elementor-element-72de1d6b elementor-widget elementor-widget-heading\" data-id=\"72de1d6b\" data-element_type=\"widget\" data-widget_type=\"heading.default\">\n\t\t\t\t<div class=\"elementor-widget-container\">\n\t\t\t<h3 class=\"elementor-heading-title elementor-size-default\">nos MASQUES<\/h3>\t\t<\/div>\n\t\t\t\t<\/div>\n\t\t\t\t\t<\/div>\n\t\t<\/div>\n\t\t\t\t<div class=\"elementor-column elementor-col-33 elementor-inner-column elementor-element elementor-element-101cb9c\" data-id=\"101cb9c\" data-element_type=\"column\">\n\t\t\t<div class=\"elementor-widget-wrap elementor-element-populated\">\n\t\t\t\t\t\t<div class=\"elementor-element elementor-element-1bd57922 elementor-widget-divider--view-line elementor-widget elementor-widget-divider\" data-id=\"1bd57922\" data-element_type=\"widget\" data-widget_type=\"divider.default\">\n\t\t\t\t<div class=\"elementor-widget-container\">\n\t\t\t\t\t<div class=\"elementor-divider\">\n\t\t\t<span class=\"elementor-divider-separator\">\n\t\t\t\t\t\t<\/span>\n\t\t<\/div>\n\t\t\t\t<\/div>\n\t\t\t\t<\/div>\n\t\t\t\t\t<\/div>\n\t\t<\/div>\n\t\t\t\t\t<\/div>\n\t\t<\/section>\n\t\t\t\t<div class=\"elementor-element elementor-element-235ed9c5 elementor-widget elementor-widget-heading\" data-id=\"235ed9c5\" data-element_type=\"widget\" data-widget_type=\"heading.default\">\n\t\t\t\t<div class=\"elementor-widget-container\">\n\t\t\t<h2 class=\"elementor-heading-title elementor-size-default\">D\u00e9couvrez nos diff\u00e9rentes collections<\/h2>\t\t<\/div>\n\t\t\t\t<\/div>\n\t\t\t\t<section class=\"elementor-section elementor-inner-section elementor-element elementor-element-31b21a4b elementor-section-height-min-height animated-slow elementor-section-boxed elementor-section-height-default elementor-invisible\" data-id=\"31b21a4b\" data-element_type=\"section\" data-settings=\"{&quot;animation&quot;:&quot;fadeIn&quot;}\">\n\t\t\t\t\t\t<div class=\"elementor-container elementor-column-gap-wide\">\n\t\t\t\t\t<div class=\"elementor-column elementor-col-50 elementor-inner-column elementor-element elementor-element-61f2880c\" data-id=\"61f2880c\" data-element_type=\"column\">\n\t\t\t<div class=\"elementor-widget-wrap elementor-element-populated\">\n\t\t\t\t\t\t<div class=\"elementor-element elementor-element-1867d0b elementor-position-left elementor-vertical-align-middle envato-kit-140-imagebox-nospace elementor-widget elementor-widget-image-box\" data-id=\"1867d0b\" data-element_type=\"widget\" data-widget_type=\"image-box.default\">\n\t\t\t\t<div class=\"elementor-widget-container\">\n\t\t\t<div class=\"elementor-image-box-wrapper\"><figure class=\"elementor-image-box-img\"><a href=\"https:\/\/liturgia.o2switch.net\/lajussienne-com-sauvegarde-vieux-site\/masques\/masques-de-famille\/\" tabindex=\"-1\"><img decoding=\"async\" src=\"https:\/\/liturgia.o2switch.net\/lajussienne-com-sauvegarde-vieux-site\/wp-content\/uploads\/elementor\/thumbs\/Armes-de-famille-r85whhyhivqa09eoks7w8b9ewrb2k86ax5ugr5hwag.jpg\" title=\"Armorial des familles nobles de Champagne\" alt=\"Armorial des familles nobles de Champagne\" class=\"elementor-animation-bob\" loading=\"lazy\" \/><\/a><\/figure><div class=\"elementor-image-box-content\"><div class=\"elementor-image-box-title\"><a href=\"https:\/\/liturgia.o2switch.net\/lajussienne-com-sauvegarde-vieux-site\/masques\/masques-de-famille\/\">Masques de famille<\/a><\/div><p class=\"elementor-image-box-description\">Vos ex-libris du XVII<sup>\u00e8me<\/sup> si\u00e8cle deviennent vos masques du XXI<sup>\u00e8me<\/sup> si\u00e8cle ! Nous pouvons r\u00e9aliser un masque de protection \u00e0 vos armes de famille. D\u00e9couvrez quelques unes de nos cr\u00e9ations h\u00e9raldiques.<\/p><\/div><\/div>\t\t<\/div>\n\t\t\t\t<\/div>\n\t\t\t\t<div class=\"elementor-element elementor-element-7c8a5dc6 elementor-position-left elementor-vertical-align-middle envato-kit-140-imagebox-nospace elementor-widget elementor-widget-image-box\" data-id=\"7c8a5dc6\" data-element_type=\"widget\" data-widget_type=\"image-box.default\">\n\t\t\t\t<div class=\"elementor-widget-container\">\n\t\t\t<div class=\"elementor-image-box-wrapper\"><figure class=\"elementor-image-box-img\"><a href=\"https:\/\/liturgia.o2switch.net\/lajussienne-com-sauvegarde-vieux-site\/masques\/rois-reines\/\" tabindex=\"-1\"><img decoding=\"async\" src=\"https:\/\/liturgia.o2switch.net\/lajussienne-com-sauvegarde-vieux-site\/wp-content\/uploads\/elementor\/thumbs\/Louis-XIV-r85whiwbpprkbvdbfamist0vi56frxa19ahy8fgi48.jpg\" title=\"Rois &#038; Reines de France. Portrait de Louis XIV\" alt=\"Rois &amp; Reines de France. Portrait de Louis XIV\" class=\"elementor-animation-bob\" loading=\"lazy\" \/><\/a><\/figure><div class=\"elementor-image-box-content\"><div class=\"elementor-image-box-title\"><a href=\"https:\/\/liturgia.o2switch.net\/lajussienne-com-sauvegarde-vieux-site\/masques\/rois-reines\/\">Rois &amp; Reines de France<\/a><\/div><p class=\"elementor-image-box-description\">Henri IV, Louis XIII, Louis XIV, Louis XVI, Marie-Antoinette, Louis XVII. Nos masques de protection en tissu arborent les portraits des rois et des reines qui ont fait la France et ont assur\u00e9 sa grandeur.<\/p><\/div><\/div>\t\t<\/div>\n\t\t\t\t<\/div>\n\t\t\t\t<div class=\"elementor-element elementor-element-2eb66e8b elementor-position-left elementor-vertical-align-middle envato-kit-140-imagebox-nospace elementor-widget elementor-widget-image-box\" data-id=\"2eb66e8b\" data-element_type=\"widget\" data-widget_type=\"image-box.default\">\n\t\t\t\t<div class=\"elementor-widget-container\">\n\t\t\t<div class=\"elementor-image-box-wrapper\"><figure class=\"elementor-image-box-img\"><a href=\"https:\/\/liturgia.o2switch.net\/lajussienne-com-sauvegarde-vieux-site\/masques\/danses-macabres-vanites\/\" tabindex=\"-1\"><img decoding=\"async\" src=\"https:\/\/liturgia.o2switch.net\/lajussienne-com-sauvegarde-vieux-site\/wp-content\/uploads\/elementor\/thumbs\/Danse-macabre-r85whiwbpprkbvdbfamist0vi56frxa19ahy8fgi48.jpg\" title=\"Danse macabre rock n&rsquo; roll\" alt=\"Danse macabre rock n&#039; roll\" class=\"elementor-animation-bob\" loading=\"lazy\" \/><\/a><\/figure><div class=\"elementor-image-box-content\"><div class=\"elementor-image-box-title\"><a href=\"https:\/\/liturgia.o2switch.net\/lajussienne-com-sauvegarde-vieux-site\/masques\/danses-macabres-vanites\/\">Danses macabres &amp; vanit\u00e9s<\/a><\/div><p class=\"elementor-image-box-description\">Comme autrefois les populations europ\u00e9ennes confront\u00e9es \u00e0 la Peste noire, d\u00e9fiez avec humour la mort et la fatalit\u00e9 avec nos danses macabres et nos vanit\u00e9s transform\u00e9es en protections sociales.<\/p><\/div><\/div>\t\t<\/div>\n\t\t\t\t<\/div>\n\t\t\t\t<div class=\"elementor-element elementor-element-68f006b5 elementor-position-left elementor-vertical-align-middle envato-kit-140-imagebox-nospace elementor-widget elementor-widget-image-box\" data-id=\"68f006b5\" data-element_type=\"widget\" data-widget_type=\"image-box.default\">\n\t\t\t\t<div class=\"elementor-widget-container\">\n\t\t\t<div class=\"elementor-image-box-wrapper\"><figure class=\"elementor-image-box-img\"><a href=\"https:\/\/liturgia.o2switch.net\/lajussienne-com-sauvegarde-vieux-site\/masques\/\" tabindex=\"-1\"><img decoding=\"async\" src=\"https:\/\/liturgia.o2switch.net\/lajussienne-com-sauvegarde-vieux-site\/wp-content\/uploads\/elementor\/thumbs\/Henri-IV-et-Marie-de-Medicis-r85whiwbpprkbvdbfamist0vi56frxa19ahy8fgi48.jpg\" title=\"Masques de protection : Henri IV et Marie de M\u00e9dicis\" alt=\"Masques de protection : Henri IV et Marie de M\u00e9dicis\" class=\"elementor-animation-bob\" loading=\"lazy\" \/><\/a><\/figure><div class=\"elementor-image-box-content\"><div class=\"elementor-image-box-title\"><a href=\"https:\/\/liturgia.o2switch.net\/lajussienne-com-sauvegarde-vieux-site\/masques\/\">Nos meilleures ventes<\/a><\/div><p class=\"elementor-image-box-description\">Retrouvez ici une s\u00e9lection de nos r\u00e9alisations qui ont s\u00e9duit la majorit\u00e9 d'entre vous. Avec nos masque de protection, soyez chics et distingu\u00e9s en tous lieux et en toutes circonstances !<\/p><\/div><\/div>\t\t<\/div>\n\t\t\t\t<\/div>\n\t\t\t\t\t<\/div>\n\t\t<\/div>\n\t\t\t\t<div class=\"elementor-column elementor-col-50 elementor-inner-column elementor-element elementor-element-1e7e811f\" data-id=\"1e7e811f\" data-element_type=\"column\">\n\t\t\t<div class=\"elementor-widget-wrap elementor-element-populated\">\n\t\t\t\t\t\t<div class=\"elementor-element elementor-element-3b09e429 elementor-position-left elementor-vertical-align-middle envato-kit-140-imagebox-nospace elementor-widget elementor-widget-image-box\" data-id=\"3b09e429\" data-element_type=\"widget\" data-widget_type=\"image-box.default\">\n\t\t\t\t<div class=\"elementor-widget-container\">\n\t\t\t<div class=\"elementor-image-box-wrapper\"><figure class=\"elementor-image-box-img\"><a href=\"https:\/\/liturgia.o2switch.net\/lajussienne-com-sauvegarde-vieux-site\/masques\/architectures-royales\/\" tabindex=\"-1\"><img decoding=\"async\" src=\"https:\/\/liturgia.o2switch.net\/lajussienne-com-sauvegarde-vieux-site\/wp-content\/uploads\/elementor\/thumbs\/Le-Louvre-r85whiwbpprkbvdbfamist0vi56frxa19ahy8fgi48.jpg\" title=\"Architectures royales : le palais du Louvre\" alt=\"Architectures royales : le palais du Louvre\" class=\"elementor-animation-bob\" loading=\"lazy\" \/><\/a><\/figure><div class=\"elementor-image-box-content\"><div class=\"elementor-image-box-title\"><a href=\"https:\/\/liturgia.o2switch.net\/lajussienne-com-sauvegarde-vieux-site\/masques\/architectures-royales\/\">Architectures et palais royaux<\/a><\/div><p class=\"elementor-image-box-description\">Le Louvre, Versailles, les Tuileries, Marly : d\u00e9couvrez tous nos masques de protection en tissu imprim\u00e9s avec les plus belles gravures d'architecture, pr\u00e9sentant les \u00e9l\u00e9vations des palais royaux et monuments.<\/p><\/div><\/div>\t\t<\/div>\n\t\t\t\t<\/div>\n\t\t\t\t<div class=\"elementor-element elementor-element-3037272c elementor-position-left elementor-vertical-align-middle envato-kit-140-imagebox-nospace elementor-widget elementor-widget-image-box\" data-id=\"3037272c\" data-element_type=\"widget\" data-widget_type=\"image-box.default\">\n\t\t\t\t<div class=\"elementor-widget-container\">\n\t\t\t<div class=\"elementor-image-box-wrapper\"><figure class=\"elementor-image-box-img\"><a href=\"https:\/\/liturgia.o2switch.net\/lajussienne-com-sauvegarde-vieux-site\/masques\/couronnes\/\" tabindex=\"-1\"><img decoding=\"async\" src=\"https:\/\/liturgia.o2switch.net\/lajussienne-com-sauvegarde-vieux-site\/wp-content\/uploads\/elementor\/thumbs\/Couronne-royale-de-France-r85whiwbpprkbvdbfamist0vi56frxa19ahy8fgi48.jpg\" title=\"Couronne royale des rois de France avec la devise du roi Henri II : Donec totum ambiat orbem\" alt=\"Couronne royale des rois de France avec la devise du roi Henri II : Donec totum ambiat orbem\" class=\"elementor-animation-bob\" loading=\"lazy\" \/><\/a><\/figure><div class=\"elementor-image-box-content\"><div class=\"elementor-image-box-title\"><a href=\"https:\/\/liturgia.o2switch.net\/lajussienne-com-sauvegarde-vieux-site\/masques\/couronnes\/\">Couronnes<\/a><\/div><p class=\"elementor-image-box-description\">Tr\u00e8s d\u00e9coratives, nos couronnes imprim\u00e9es sur vos masques de protection individuels vous distinguerons avec chic et originalit\u00e9. D\u00e9couvrez ce volet phare de notre collection, qui recueille les meilleurs suffrages.<\/p><\/div><\/div>\t\t<\/div>\n\t\t\t\t<\/div>\n\t\t\t\t<div class=\"elementor-element elementor-element-3c0c45ac elementor-position-left elementor-vertical-align-middle envato-kit-140-imagebox-nospace elementor-widget elementor-widget-image-box\" data-id=\"3c0c45ac\" data-element_type=\"widget\" data-widget_type=\"image-box.default\">\n\t\t\t\t<div class=\"elementor-widget-container\">\n\t\t\t<div class=\"elementor-image-box-wrapper\"><figure class=\"elementor-image-box-img\"><a href=\"https:\/\/liturgia.o2switch.net\/lajussienne-com-sauvegarde-vieux-site\/masques\/heroiques-divers\/\" tabindex=\"-1\"><img decoding=\"async\" src=\"https:\/\/liturgia.o2switch.net\/lajussienne-com-sauvegarde-vieux-site\/wp-content\/uploads\/elementor\/thumbs\/Bataille-de-Ravenne-r85whhyhivqa09eoks7w8b9ewrb2k86ax5ugr5hwag.jpg\" title=\"Bataille de Ravenne remport\u00e9e par les troupes fran\u00e7aises\" alt=\"Bataille de Ravenne remport\u00e9e par les troupes fran\u00e7aises\" class=\"elementor-animation-bob\" loading=\"lazy\" \/><\/a><\/figure><div class=\"elementor-image-box-content\"><div class=\"elementor-image-box-title\"><a href=\"https:\/\/liturgia.o2switch.net\/lajussienne-com-sauvegarde-vieux-site\/masques\/heroiques-divers\/\">H\u00e9ro\u00efques divers<\/a><\/div><p class=\"elementor-image-box-description\">Retrouvez ici quelques unes de nos gravures difficilement classables par ailleurs : sc\u00e8nes de bataille, habit de musicien ou encore humour anglais&nbsp;! Cette cat\u00e9gorie est appel\u00e9e \u00e0 augmenter au fil des jours !<\/p><\/div><\/div>\t\t<\/div>\n\t\t\t\t<\/div>\n\t\t\t\t<div class=\"elementor-element elementor-element-70573cb4 elementor-position-left elementor-vertical-align-middle envato-kit-140-imagebox-nospace elementor-widget elementor-widget-image-box\" data-id=\"70573cb4\" data-element_type=\"widget\" data-widget_type=\"image-box.default\">\n\t\t\t\t<div class=\"elementor-widget-container\">\n\t\t\t<div class=\"elementor-image-box-wrapper\"><figure class=\"elementor-image-box-img\"><a href=\"https:\/\/liturgia.o2switch.net\/lajussienne-com-sauvegarde-vieux-site\/masques\/collection-complete\/\" tabindex=\"-1\"><img decoding=\"async\" src=\"https:\/\/liturgia.o2switch.net\/lajussienne-com-sauvegarde-vieux-site\/wp-content\/uploads\/2020\/05\/Armes-de-France.jpg\" title=\"\" alt=\"\" class=\"elementor-animation-bob\" loading=\"lazy\" \/><\/a><\/figure><div class=\"elementor-image-box-content\"><div class=\"elementor-image-box-title\"><a href=\"https:\/\/liturgia.o2switch.net\/lajussienne-com-sauvegarde-vieux-site\/masques\/collection-complete\/\">Collection compl\u00e8te<\/a><\/div><p class=\"elementor-image-box-description\">Retrouvez sur cette page la liste compl\u00e8te de nos masques de protection - collection historique. Nos masques originaux sont lavables, alors autant en acheter plusieurs pour faciliter la vie de votre buanderie ! ;-).<\/p><\/div><\/div>\t\t<\/div>\n\t\t\t\t<\/div>\n\t\t\t\t\t<\/div>\n\t\t<\/div>\n\t\t\t\t\t<\/div>\n\t\t<\/section>\n\t\t\t\t\t<\/div>\n\t\t<\/div>\n\t\t\t\t\t<\/div>\n\t\t<\/section>\n\t\t\t\t<section class=\"elementor-section elementor-top-section elementor-element elementor-element-521268c0 elementor-section-stretched elementor-section-boxed elementor-section-height-default elementor-section-height-default\" data-id=\"521268c0\" data-element_type=\"section\" data-settings=\"{&quot;stretch_section&quot;:&quot;section-stretched&quot;,&quot;background_background&quot;:&quot;classic&quot;}\">\n\t\t\t\t\t\t<div class=\"elementor-container elementor-column-gap-default\">\n\t\t\t\t\t<div class=\"elementor-column elementor-col-100 elementor-top-column elementor-element elementor-element-24f65d0c\" data-id=\"24f65d0c\" data-element_type=\"column\">\n\t\t\t<div class=\"elementor-widget-wrap\">\n\t\t\t\t\t\t\t<\/div>\n\t\t<\/div>\n\t\t\t\t\t<\/div>\n\t\t<\/section>\n\t\t\t\t<section class=\"elementor-section elementor-top-section elementor-element elementor-element-2ff9fbac elementor-section-boxed elementor-section-height-default elementor-section-height-default\" data-id=\"2ff9fbac\" data-element_type=\"section\" data-settings=\"{&quot;background_background&quot;:&quot;classic&quot;}\">\n\t\t\t\t\t\t<div class=\"elementor-container elementor-column-gap-default\">\n\t\t\t\t\t<div class=\"elementor-column elementor-col-100 elementor-top-column elementor-element elementor-element-3cafc97e\" data-id=\"3cafc97e\" data-element_type=\"column\">\n\t\t\t<div class=\"elementor-widget-wrap elementor-element-populated\">\n\t\t\t\t\t\t<div class=\"elementor-element elementor-element-77a9ccfd elementor-widget elementor-widget-text-editor\" data-id=\"77a9ccfd\" data-element_type=\"widget\" data-widget_type=\"text-editor.default\">\n\t\t\t\t<div class=\"elementor-widget-container\">\n\t\t\t\t\t\t\t<p>Avec nos <strong>masques de protection &#8211; Collection historique<\/strong>, couvrez votre bouche et votre nez, avec <strong>style<\/strong> et <strong>distinction<\/strong>, dans les lieux publics. Nos masques en tissu sont r\u00e9utilisables et lavables \u00e0 60 \u00b0C. Il est conseill\u00e9 de laver votre masque tous les jours (n&rsquo;h\u00e9sitez pas \u00e0 en acheter plusieurs pour vous faciliter la vie !). Une poche permet d\u2019y ins\u00e9rer \u00e9ventuellement un filtre (non fourni &#8211; <a href=\"https:\/\/www.google.com\/search?client=firefox-b-d&amp;q=Filtre+%C3%A0+charbon+actif+PM2.5%2C+5+couches+de+filtres+anti-humidit%C3%A9+rempla%C3%A7ables\" target=\"_blank\" rel=\"noopener\">voici des exemples de filtres que vous pouvez acheter sur le web pour ces masques<\/a>).<\/p><p>Nos masques de protection individuelle, de marque Spreadshirt, sont imprim\u00e9s selon nos dessins r\u00e9alis\u00e9s \u00e0 partir de gravures historiques scann\u00e9es en haute qualit\u00e9. La taille de nos masques est unique et universelle : le tissu fait 18 cm de large par 16 cm de haut.<\/p><p>Les masques sont en polyester imprim\u00e9, et doubl\u00e9s int\u00e9rieurement en coton. Il est possible d&rsquo;y ins\u00e9rer un filtre pour renforcer leur efficacit\u00e9. Les attaches sont en caoutchouc \u00e9lastique. Seule la face externe est imprim\u00e9e, la face interne ne l&rsquo;est pas. Ces masques sont fabriqu\u00e9s dans la Communaut\u00e9 europ\u00e9enne, en R\u00e9publique Tch\u00e8que.<\/p><p>Attention ! Ce produit est destin\u00e9 \u00e0 \u00eatre utilis\u00e9 comme accessoire. Ce produit n&rsquo;est pas destin\u00e9 \u00e0 se substituer \u00e0 un dispositif m\u00e9dical ou tout autre produit m\u00e9dical.<\/p><p>Vous devez \u00eatre en mesure de suivre d&rsquo;autres mesures de protection personnelle. Nous vous conseillons \u00e9galement de suivre de pr\u00e8s les derni\u00e8res recommandations des responsables de la sant\u00e9 publique pour prendre une d\u00e9cision \u00e9clair\u00e9e sur l&rsquo;utilisation de ces masques :<\/p><ul><li><a href=\"http:\/\/www.academie-medecine.fr\/communique-de-lacademie-pandemie-de-covid-19-mesures-barrieres-renforcees-pendant-le-confinement-et-en-phase-de-sortie-de-confinement\/\">Communiqu\u00e9 de l&rsquo;Acad\u00e9mie nationale de m\u00e9decine du 2 avril 2020<\/a> : \u00ab\u00a0En situation de p\u00e9nurie de masques et alors que la priorit\u00e9 d\u2019attribution des masques FFP2 et des masques chirurgicaux acquis par l\u2019\u00c9tat doit aller aux structures de sant\u00e9 (\u00e9tablissements de sant\u00e9, \u00e9tablissements m\u00e9dico-sociaux, professionnels de sant\u00e9 du secteur lib\u00e9ral) et aux professionnels les plus expos\u00e9s, l\u2019<strong>Acad\u00e9mie nationale de M\u00e9decine<\/strong> recommande que le port d\u2019un <strong>masque \u00ab grand public \u00bb<\/strong>, aussi dit <strong>\u00ab alternatif \u00bb<\/strong>, soit rendu obligatoire pour les sorties n\u00e9cessaires en p\u00e9riode de confinement\u00a0\u00bb.<\/li><li><a style=\"font-size: 1em; background-color: #2c8dac;\" href=\"https:\/\/www.amf.asso.fr\/documents-masques-alternatifs-recommandations-lamf\/40038\" target=\"_blank\" rel=\"noopener\">Recommandations de l&rsquo;Association des Maires de France du 8 avril 2020<\/a>\u00a0:\u00a0<span style=\"font-size: 1em;\">\u00ab<\/span><span style=\"font-size: 1em;\">\u00a0<\/span><span style=\"font-size: 1em;\">L\u2019<b>Association des maires de France<\/b> recommande aux maires de conseiller \u00e0 la population de porter un <b>masque artisanal<\/b> ou chirurgical sur la bouche et sur le nez durant les sorties autoris\u00e9es. (&#8230;)\u00a0<\/span>Le <b>masque artisanal en tissu<\/b> peut \u00eatre r\u00e9alis\u00e9 par tous moyens et confectionn\u00e9 par chaque utilisateur. <b>Il doit \u00eatre lav\u00e9 \u00e0 60\u00b0 tous les jours<\/b>. Il constitue un \u00e9quipement compl\u00e9mentaire de protection dont la g\u00e9n\u00e9ralisation permet d\u2019affecter les masques chirurgicaux aux personnes les plus expos\u00e9es, soit du fait de leur activit\u00e9 professionnelle, soit du fait de leur fragilit\u00e9 particuli\u00e8re.\u00a0<span style=\"font-size: 1em;\">\u00bb.<\/span><\/li><\/ul>\t\t\t\t\t\t<\/div>\n\t\t\t\t<\/div>\n\t\t\t\t\t<\/div>\n\t\t<\/div>\n\t\t\t\t\t<\/div>\n\t\t<\/section>\n\t\t\t\t<section class=\"elementor-section elementor-top-section elementor-element elementor-element-4e58c4c5 elementor-section-boxed elementor-section-height-default elementor-section-height-default\" data-id=\"4e58c4c5\" data-element_type=\"section\" data-settings=\"{&quot;background_background&quot;:&quot;classic&quot;}\">\n\t\t\t\t\t\t<div class=\"elementor-container elementor-column-gap-default\">\n\t\t\t\t\t<div class=\"elementor-column elementor-col-25 elementor-top-column elementor-element elementor-element-1d542ce9\" data-id=\"1d542ce9\" data-element_type=\"column\">\n\t\t\t<div class=\"elementor-widget-wrap elementor-element-populated\">\n\t\t\t\t\t\t<div class=\"elementor-element elementor-element-410364d2 elementor-widget elementor-widget-text-editor\" data-id=\"410364d2\" data-element_type=\"widget\" data-widget_type=\"text-editor.default\">\n\t\t\t\t<div class=\"elementor-widget-container\">\n\t\t\t\t\t\t\t<p><a href=\"https:\/\/service.spreadshirt.com\/hc\/fr\/articles\/115000978409\/?shop_name=la-jussienne&amp;shop_id=100606190&amp;platform=eu\">Protection des donn\u00e9es<\/a><\/p><p><a href=\"https:\/\/shop.spreadshirt.fr\/la-jussienne\/imprint\">Informations l\u00e9gales<\/a><\/p><p><a href=\"https:\/\/service.spreadshirt.com\/hc\/fr\/articles\/115000978409\/?shop_name=la-jussienne&amp;shop_id=100606190&amp;platform=eu\">Politique de confidentialit\u00e9<\/a><\/p><p><a href=\"https:\/\/service.spreadshirt.com\/hc\/fr\/articles\/115000991305\/?shop_name=la-jussienne&amp;shop_id=100606190&amp;platform=eu\">Copyrights<\/a><\/p><p><a href=\"https:\/\/service.spreadshirt.com\/hc\/fr\/articles\/115000991325\/?shop_name=la-jussienne&amp;shop_id=100606190&amp;platform=eu\">Termes et conditions<\/a><\/p>\t\t\t\t\t\t<\/div>\n\t\t\t\t<\/div>\n\t\t\t\t\t<\/div>\n\t\t<\/div>\n\t\t\t\t<div class=\"elementor-column elementor-col-25 elementor-top-column elementor-element elementor-element-12ab12b2\" data-id=\"12ab12b2\" data-element_type=\"column\">\n\t\t\t<div class=\"elementor-widget-wrap elementor-element-populated\">\n\t\t\t\t\t\t<div class=\"elementor-element elementor-element-5c806eb7 elementor-view-default elementor-widget elementor-widget-icon\" data-id=\"5c806eb7\" data-element_type=\"widget\" data-widget_type=\"icon.default\">\n\t\t\t\t<div class=\"elementor-widget-container\">\n\t\t\t\t\t<div class=\"elementor-icon-wrapper\">\n\t\t\t<div class=\"elementor-icon\">\n\t\t\t<i aria-hidden=\"true\" class=\"fab fa-cc-visa\"><\/i>\t\t\t<\/div>\n\t\t<\/div>\n\t\t\t\t<\/div>\n\t\t\t\t<\/div>\n\t\t\t\t<div class=\"elementor-element elementor-element-5c6851b6 elementor-view-default elementor-widget elementor-widget-icon\" data-id=\"5c6851b6\" data-element_type=\"widget\" data-widget_type=\"icon.default\">\n\t\t\t\t<div class=\"elementor-widget-container\">\n\t\t\t\t\t<div class=\"elementor-icon-wrapper\">\n\t\t\t<div class=\"elementor-icon\">\n\t\t\t<i aria-hidden=\"true\" class=\"fab fa-cc-mastercard\"><\/i>\t\t\t<\/div>\n\t\t<\/div>\n\t\t\t\t<\/div>\n\t\t\t\t<\/div>\n\t\t\t\t<div class=\"elementor-element elementor-element-49763133 elementor-view-default elementor-widget elementor-widget-icon\" data-id=\"49763133\" data-element_type=\"widget\" data-widget_type=\"icon.default\">\n\t\t\t\t<div class=\"elementor-widget-container\">\n\t\t\t\t\t<div class=\"elementor-icon-wrapper\">\n\t\t\t<div class=\"elementor-icon\">\n\t\t\t<i aria-hidden=\"true\" class=\"fab fa-cc-amex\"><\/i>\t\t\t<\/div>\n\t\t<\/div>\n\t\t\t\t<\/div>\n\t\t\t\t<\/div>\n\t\t\t\t<div class=\"elementor-element elementor-element-1fd10054 elementor-view-default elementor-widget elementor-widget-icon\" data-id=\"1fd10054\" data-element_type=\"widget\" data-widget_type=\"icon.default\">\n\t\t\t\t<div class=\"elementor-widget-container\">\n\t\t\t\t\t<div class=\"elementor-icon-wrapper\">\n\t\t\t<div class=\"elementor-icon\">\n\t\t\t<i aria-hidden=\"true\" class=\"fab fa-cc-paypal\"><\/i>\t\t\t<\/div>\n\t\t<\/div>\n\t\t\t\t<\/div>\n\t\t\t\t<\/div>\n\t\t\t\t\t<\/div>\n\t\t<\/div>\n\t\t\t\t<div class=\"elementor-column elementor-col-25 elementor-top-column elementor-element elementor-element-3fbf30ce\" data-id=\"3fbf30ce\" data-element_type=\"column\">\n\t\t\t<div class=\"elementor-widget-wrap elementor-element-populated\">\n\t\t\t\t\t\t<div class=\"elementor-element elementor-element-60863a9d elementor-widget elementor-widget-text-editor\" data-id=\"60863a9d\" data-element_type=\"widget\" data-widget_type=\"text-editor.default\">\n\t\t\t\t<div class=\"elementor-widget-container\">\n\t\t\t\t\t\t\t<p><a href=\"https:\/\/service.spreadshirt.com\/hc\/fr\/?shop_name=la-jussienne&amp;shop_id=100606190&amp;platform=eu\">Frais de port et d\u00e9lais<\/a><\/p><p><a href=\"https:\/\/service.spreadshirt.com\/hc\/fr\/?shop_name=la-jussienne&amp;shop_id=100606190&amp;platform=eu\">Aide<\/a><\/p><p><a href=\"mailto:service@spreadshirt.fr\">Service client<\/a><\/p><p><a href=\"tel:+33805082216\">+33 8 05 08 22 16<\/a><br \/>(du lundi au vendredi de 9h \u00e0 18h)<\/p>\t\t\t\t\t\t<\/div>\n\t\t\t\t<\/div>\n\t\t\t\t\t<\/div>\n\t\t<\/div>\n\t\t\t\t<div class=\"elementor-column elementor-col-25 elementor-top-column elementor-element elementor-element-a4c9c49\" data-id=\"a4c9c49\" data-element_type=\"column\">\n\t\t\t<div class=\"elementor-widget-wrap elementor-element-populated\">\n\t\t\t\t\t\t<div class=\"elementor-element elementor-element-2164219d elementor-view-default elementor-widget elementor-widget-icon\" data-id=\"2164219d\" data-element_type=\"widget\" data-widget_type=\"icon.default\">\n\t\t\t\t<div class=\"elementor-widget-container\">\n\t\t\t\t\t<div class=\"elementor-icon-wrapper\">\n\t\t\t<div class=\"elementor-icon\">\n\t\t\t<svg xmlns:cc=\"http:\/\/creativecommons.org\/ns#\" xmlns:dc=\"http:\/\/purl.org\/dc\/elements\/1.1\/\" xmlns:inkscape=\"http:\/\/www.inkscape.org\/namespaces\/inkscape\" xmlns:rdf=\"http:\/\/www.w3.org\/1999\/02\/22-rdf-syntax-ns#\" xmlns:sodipodi=\"http:\/\/sodipodi.sourceforge.net\/DTD\/sodipodi-0.dtd\" xmlns:svg=\"http:\/\/www.w3.org\/2000\/svg\" xmlns=\"http:\/\/www.w3.org\/2000\/svg\" xmlns:xlink=\"http:\/\/www.w3.org\/1999\/xlink\" id=\"Calque_1\" inkscape:version=\"0.92.2 (5c3e80d, 2017-08-06)\" sodipodi:docname=\"La Poste logo.svg\" x=\"0px\" y=\"0px\" viewBox=\"0 0 336.1 274.5\" style=\"enable-background:new 0 0 336.1 274.5;\" xml:space=\"preserve\"><style type=\"text\/css\">\t.st0{fill:#FFFFFF;}<\/style><title id=\"title2\">La Poste logo<\/title><path id=\"path4\" class=\"st0\" d=\"M25.3,220.6h-7.9V257c-0.1,1.5,1,2.7,2.4,2.8c0.1,0,0.3,0,0.4,0H44l3.8-7.3H25.3V220.6z\"><\/path><path id=\"path6\" class=\"st0\" d=\"M77.2,220.3h-8.1l-20.5,39.6h8.6l3.7-7.3h24.6l2.4,4.8c1.2,2.3,2.3,2.5,5.4,2.5h4.6L77.2,220.3z   M64.4,245.5l8.7-17.2l8.7,17.2H64.4z\"><\/path><path id=\"path8\" class=\"st0\" d=\"M121.4,248.1v11.7h-7.9v-39.2c4.2-0.1,9.8-0.3,14.5-0.3c9.1,0,15.1,1.3,18.7,4.9  c2.2,2.3,3.4,5.4,3.2,8.5c0,11.3-8.8,14.4-21.5,14.4C126.7,248.2,123.5,248.1,121.4,248.1z M121.4,240.9c2,0,4.5,0.1,6.3,0.1  c5.1,0,9.8-0.2,12.3-2.6c1.1-1.2,1.7-2.7,1.7-4.4c0-1.3-0.5-2.6-1.3-3.7c-2.5-2.5-6.1-2.6-12.6-2.6c-1.7,0-4.3,0-6.3,0.1V240.9z\"><\/path><path id=\"path10\" class=\"st0\" d=\"M201.5,240.2c0,11.2-8.8,20.4-23.7,20.4s-23.7-9.1-23.7-20.4s8.8-20.4,23.7-20.4  S201.5,229,201.5,240.2z M177.8,227c-9,0-15.4,5.2-15.4,13.2c0,8,6.4,13.2,15.4,13.2s15.4-5.2,15.4-13.2S186.8,227,177.8,227  L177.8,227z\"><\/path><path id=\"path12\" class=\"st0\" d=\"M241.6,224.2c-4.3-2.7-11.3-4.4-16.6-4.4c-10,0-17.8,5.2-17.8,12.5c0,13.7,27,8.6,27,16.8  c0,3.3-4.9,4.7-9.2,4.7c-5.6,0-11.1-1.8-15.8-5l-4.1,6c4.9,3.4,12.9,5.6,19.2,5.6c9.9,0,18.1-4.6,18.1-12.3  c0-13.9-26.9-9.6-26.9-17.2c0-3.2,4.5-4.6,9.3-4.6c4.6,0.1,9.1,1.4,13,4L241.6,224.2z\"><\/path><polygon id=\"polygon14\" class=\"st0\" points=\"283.3,220.6 245.4,220.6 245.4,227.9 260.2,227.9 260.2,259.8 268.2,259.8 268.2,227.9   283.3,227.9 \"><\/polygon><path id=\"path16\" class=\"st0\" d=\"M288.3,220.6V257c-0.1,1.5,1,2.7,2.4,2.8c0.1,0,0.3,0,0.4,0h32v-7.3h-26.9v-9.1h24v-7.3h-24v-8.3  h26.1v-7.3L288.3,220.6\"><\/path><path class=\"st0\" d=\"M268.9,35.8c-26.5-21.2-63-24.4-95.4-18.6c-42.2,7.8-83.2,30-108.2,65.6c-15.8,22-22.9,53.1-8.9,77.7  c14.9,26.1,46,37.5,74.7,38.8c33.4,1.6,67.1-7.6,96-24.4c29.3-17.3,56.1-44,63.2-78.3C295,74.3,286.9,49.9,268.9,35.8z M115.8,71.4  c0.3-1.6,2.3-1.5,3.1-1.5h97.8c7,0,10.5,0.3,12.6,2.4c2,1.9,1.9,4.8,0.1,8.1c-1.6,3-4.3,7.8-4.4,7.9l-72.9,1.1c0,0-0.6-0.4-0.9-0.7  c-9.8-6.6-27.3-12.8-32.7-14.7c-0.8-0.2-1.6-0.6-2.3-1.2C115.9,72.5,115.7,72,115.8,71.4z M185.7,138.2c-3.5,2.1-8.3,2-8.3,2  l-80.6,1.4l112.5-27.6C198.7,128.6,191.3,134.8,185.7,138.2z M265.6,97.3c-24.6,4.4-58.2,11.8-92.2,20.3  c-32.9,8.2-66.6,16.7-85.1,21.5c-2,0.5-3.9,1-5.5,1.4c-3.7,1-4.7,0.5-5.1-0.5c-0.3-1,0.4-1.8,1.5-2.3c1.3-0.7,5.4-2.1,7.7-3  c9.6-3.5,28.1-10.5,42.8-17.5c13.9-6.7,24.2-14.1,24.2-21.8c0-1,0.3-1.2,1.2-1.2c1.7-0.1,108.4-1.7,110-1.7c2.3-0.1,3.9,0.7,4,2.1  C269.1,95.9,267.5,97,265.6,97.3z\"><\/path><\/svg>\t\t\t<\/div>\n\t\t<\/div>\n\t\t\t\t<\/div>\n\t\t\t\t<\/div>\n\t\t\t\t<div class=\"elementor-element elementor-element-5ec3ea54 elementor-view-default elementor-widget elementor-widget-icon\" data-id=\"5ec3ea54\" data-element_type=\"widget\" data-widget_type=\"icon.default\">\n\t\t\t\t<div class=\"elementor-widget-container\">\n\t\t\t\t\t<div class=\"elementor-icon-wrapper\">\n\t\t\t<div class=\"elementor-icon\">\n\t\t\t<i aria-hidden=\"true\" class=\"fab fa-dhl\"><\/i>\t\t\t<\/div>\n\t\t<\/div>\n\t\t\t\t<\/div>\n\t\t\t\t<\/div>\n\t\t\t\t<div class=\"elementor-element elementor-element-7b5a065 elementor-view-default elementor-widget elementor-widget-icon\" data-id=\"7b5a065\" data-element_type=\"widget\" data-widget_type=\"icon.default\">\n\t\t\t\t<div class=\"elementor-widget-container\">\n\t\t\t\t\t<div class=\"elementor-icon-wrapper\">\n\t\t\t<div class=\"elementor-icon\">\n\t\t\t<i aria-hidden=\"true\" class=\"fab fa-ups\"><\/i>\t\t\t<\/div>\n\t\t<\/div>\n\t\t\t\t<\/div>\n\t\t\t\t<\/div>\n\t\t\t\t\t<\/div>\n\t\t<\/div>\n\t\t\t\t\t<\/div>\n\t\t<\/section>\n\t\t\t\t<\/div>\n\t\t","protected":false},"excerpt":{"rendered":"<p>La Jussienne pr\u00e9sente Armes de France Previous Next La distinction dans la distanciation Armes royales de France D&rsquo;azur \u00e0 trois fleurs de lys d&rsquo;orVoici le blasonnement h\u00e9raldiques des armes de France, arbor\u00e9es sur nos masques individuels en tissu et lavables. Nos dessins reprennent des gravures des armes royales de saint Louis, de Louis XIII, de &#8230; <a title=\"Armes royales &#8211; masques de protection chics en tissu &#8211; collection historique\" class=\"read-more\" href=\"https:\/\/liturgia.o2switch.net\/lajussienne-com-sauvegarde-vieux-site\/masques\/armes-royales\/\" aria-label=\"En savoir plus sur Armes royales &#8211; masques de protection chics en tissu &#8211; collection historique\">Lire plus<\/a><\/p>\n","protected":false},"author":1,"featured_media":585,"parent":305,"menu_order":0,"comment_status":"closed","ping_status":"closed","template":"elementor_header_footer","meta":{"footnotes":""},"class_list":{"0":"post-577","1":"page","2":"type-page","3":"status-publish","4":"has-post-thumbnail","6":"infinite-scroll-item"},"yoast_head":"<!-- This site is optimized with the Yoast SEO plugin v24.6 - https:\/\/yoast.com\/wordpress\/plugins\/seo\/ -->\n<title>Armes royales - masques de protection chics en tissu - collection historique<\/title>\n<meta name=\"description\" content=\"Armes royales de France &amp; de Navarre : d&#039;azur \u00e0 trois fleurs de lys d&#039;argent. D\u00e9couvrez nos masques de protection en tissu lavables arborant des blasons\" \/>\n<meta name=\"robots\" content=\"noindex, follow, max-snippet:-1, max-image-preview:large, max-video-preview:-1\" \/>\n<meta property=\"og:locale\" content=\"fr_FR\" \/>\n<meta property=\"og:type\" content=\"article\" \/>\n<meta property=\"og:title\" content=\"Armes royales - masques de protection chics en tissu - collection historique\" \/>\n<meta property=\"og:description\" content=\"Armes royales de France &amp; de Navarre : d&#039;azur \u00e0 trois fleurs de lys d&#039;argent. D\u00e9couvrez nos masques de protection en tissu lavables arborant des blasons\" \/>\n<meta property=\"og:url\" content=\"https:\/\/liturgia.o2switch.net\/lajussienne-com-sauvegarde-vieux-site\/masques\/armes-royales\/\" \/>\n<meta property=\"og:site_name\" content=\"La Jussienne\" \/>\n<meta property=\"article:modified_time\" content=\"2020-05-29T23:55:10+00:00\" \/>\n<meta property=\"og:image\" content=\"https:\/\/liturgia.o2switch.net\/lajussienne-com-sauvegarde-vieux-site\/wp-content\/uploads\/2020\/05\/armes-du-roi-louis-xiii-roi-de-france-et-de-navarre.jpg\" \/>\n\t<meta property=\"og:image:width\" content=\"650\" \/>\n\t<meta property=\"og:image:height\" content=\"650\" \/>\n\t<meta property=\"og:image:type\" content=\"image\/jpeg\" \/>\n<meta name=\"twitter:card\" content=\"summary_large_image\" \/>\n<meta name=\"twitter:label1\" content=\"Dur\u00e9e de lecture estim\u00e9e\" \/>\n\t<meta name=\"twitter:data1\" content=\"4 minutes\" \/>\n<script type=\"application\/ld+json\" class=\"yoast-schema-graph\">{\"@context\":\"https:\/\/schema.org\",\"@graph\":[{\"@type\":\"WebPage\",\"@id\":\"https:\/\/liturgia.o2switch.net\/lajussienne-com-sauvegarde-vieux-site\/masques\/armes-royales\/\",\"url\":\"https:\/\/liturgia.o2switch.net\/lajussienne-com-sauvegarde-vieux-site\/masques\/armes-royales\/\",\"name\":\"Armes royales - masques de protection chics en tissu - collection historique\",\"isPartOf\":{\"@id\":\"https:\/\/liturgia.o2switch.net\/lajussienne-com-sauvegarde-vieux-site\/#website\"},\"primaryImageOfPage\":{\"@id\":\"https:\/\/liturgia.o2switch.net\/lajussienne-com-sauvegarde-vieux-site\/masques\/armes-royales\/#primaryimage\"},\"image\":{\"@id\":\"https:\/\/liturgia.o2switch.net\/lajussienne-com-sauvegarde-vieux-site\/masques\/armes-royales\/#primaryimage\"},\"thumbnailUrl\":\"https:\/\/liturgia.o2switch.net\/lajussienne-com-sauvegarde-vieux-site\/wp-content\/uploads\/2020\/05\/armes-du-roi-louis-xiii-roi-de-france-et-de-navarre.jpg\",\"datePublished\":\"2020-05-29T18:40:54+00:00\",\"dateModified\":\"2020-05-29T23:55:10+00:00\",\"description\":\"Armes royales de France & de Navarre : d'azur \u00e0 trois fleurs de lys d'argent. D\u00e9couvrez nos masques de protection en tissu lavables arborant des blasons\",\"breadcrumb\":{\"@id\":\"https:\/\/liturgia.o2switch.net\/lajussienne-com-sauvegarde-vieux-site\/masques\/armes-royales\/#breadcrumb\"},\"inLanguage\":\"fr-FR\",\"potentialAction\":[{\"@type\":\"ReadAction\",\"target\":[\"https:\/\/liturgia.o2switch.net\/lajussienne-com-sauvegarde-vieux-site\/masques\/armes-royales\/\"]}]},{\"@type\":\"ImageObject\",\"inLanguage\":\"fr-FR\",\"@id\":\"https:\/\/liturgia.o2switch.net\/lajussienne-com-sauvegarde-vieux-site\/masques\/armes-royales\/#primaryimage\",\"url\":\"https:\/\/liturgia.o2switch.net\/lajussienne-com-sauvegarde-vieux-site\/wp-content\/uploads\/2020\/05\/armes-du-roi-louis-xiii-roi-de-france-et-de-navarre.jpg\",\"contentUrl\":\"https:\/\/liturgia.o2switch.net\/lajussienne-com-sauvegarde-vieux-site\/wp-content\/uploads\/2020\/05\/armes-du-roi-louis-xiii-roi-de-france-et-de-navarre.jpg\",\"width\":650,\"height\":650,\"caption\":\"Masque de protection aux armes du roi Louis XIII, roi de France et de Navarre\"},{\"@type\":\"BreadcrumbList\",\"@id\":\"https:\/\/liturgia.o2switch.net\/lajussienne-com-sauvegarde-vieux-site\/masques\/armes-royales\/#breadcrumb\",\"itemListElement\":[{\"@type\":\"ListItem\",\"position\":1,\"name\":\"Accueil\",\"item\":\"https:\/\/liturgia.o2switch.net\/lajussienne-com-sauvegarde-vieux-site\/\"},{\"@type\":\"ListItem\",\"position\":2,\"name\":\"Masques de protection &#8211; collection historique\",\"item\":\"https:\/\/liturgia.o2switch.net\/lajussienne-com-sauvegarde-vieux-site\/masques\/\"},{\"@type\":\"ListItem\",\"position\":3,\"name\":\"Armes royales &#8211; masques de protection chics en tissu &#8211; collection historique\"}]},{\"@type\":\"WebSite\",\"@id\":\"https:\/\/liturgia.o2switch.net\/lajussienne-com-sauvegarde-vieux-site\/#website\",\"url\":\"https:\/\/liturgia.o2switch.net\/lajussienne-com-sauvegarde-vieux-site\/\",\"name\":\"La Jussienne\",\"description\":\"Un art de vivre \u00e0 la fran\u00e7aise\",\"potentialAction\":[{\"@type\":\"SearchAction\",\"target\":{\"@type\":\"EntryPoint\",\"urlTemplate\":\"https:\/\/liturgia.o2switch.net\/lajussienne-com-sauvegarde-vieux-site\/?s={search_term_string}\"},\"query-input\":{\"@type\":\"PropertyValueSpecification\",\"valueRequired\":true,\"valueName\":\"search_term_string\"}}],\"inLanguage\":\"fr-FR\"}]}<\/script>\n<!-- \/ Yoast SEO plugin. -->","yoast_head_json":{"title":"Armes royales - masques de protection chics en tissu - collection historique","description":"Armes royales de France & de Navarre : d'azur \u00e0 trois fleurs de lys d'argent. D\u00e9couvrez nos masques de protection en tissu lavables arborant des blasons","robots":{"index":"noindex","follow":"follow","max-snippet":"max-snippet:-1","max-image-preview":"max-image-preview:large","max-video-preview":"max-video-preview:-1"},"og_locale":"fr_FR","og_type":"article","og_title":"Armes royales - masques de protection chics en tissu - collection historique","og_description":"Armes royales de France & de Navarre : d'azur \u00e0 trois fleurs de lys d'argent. D\u00e9couvrez nos masques de protection en tissu lavables arborant des blasons","og_url":"https:\/\/liturgia.o2switch.net\/lajussienne-com-sauvegarde-vieux-site\/masques\/armes-royales\/","og_site_name":"La Jussienne","article_modified_time":"2020-05-29T23:55:10+00:00","og_image":[{"width":650,"height":650,"url":"https:\/\/liturgia.o2switch.net\/lajussienne-com-sauvegarde-vieux-site\/wp-content\/uploads\/2020\/05\/armes-du-roi-louis-xiii-roi-de-france-et-de-navarre.jpg","type":"image\/jpeg"}],"twitter_card":"summary_large_image","twitter_misc":{"Dur\u00e9e de lecture estim\u00e9e":"4 minutes"},"schema":{"@context":"https:\/\/schema.org","@graph":[{"@type":"WebPage","@id":"https:\/\/liturgia.o2switch.net\/lajussienne-com-sauvegarde-vieux-site\/masques\/armes-royales\/","url":"https:\/\/liturgia.o2switch.net\/lajussienne-com-sauvegarde-vieux-site\/masques\/armes-royales\/","name":"Armes royales - masques de protection chics en tissu - collection historique","isPartOf":{"@id":"https:\/\/liturgia.o2switch.net\/lajussienne-com-sauvegarde-vieux-site\/#website"},"primaryImageOfPage":{"@id":"https:\/\/liturgia.o2switch.net\/lajussienne-com-sauvegarde-vieux-site\/masques\/armes-royales\/#primaryimage"},"image":{"@id":"https:\/\/liturgia.o2switch.net\/lajussienne-com-sauvegarde-vieux-site\/masques\/armes-royales\/#primaryimage"},"thumbnailUrl":"https:\/\/liturgia.o2switch.net\/lajussienne-com-sauvegarde-vieux-site\/wp-content\/uploads\/2020\/05\/armes-du-roi-louis-xiii-roi-de-france-et-de-navarre.jpg","datePublished":"2020-05-29T18:40:54+00:00","dateModified":"2020-05-29T23:55:10+00:00","description":"Armes royales de France & de Navarre : d'azur \u00e0 trois fleurs de lys d'argent. D\u00e9couvrez nos masques de protection en tissu lavables arborant des blasons","breadcrumb":{"@id":"https:\/\/liturgia.o2switch.net\/lajussienne-com-sauvegarde-vieux-site\/masques\/armes-royales\/#breadcrumb"},"inLanguage":"fr-FR","potentialAction":[{"@type":"ReadAction","target":["https:\/\/liturgia.o2switch.net\/lajussienne-com-sauvegarde-vieux-site\/masques\/armes-royales\/"]}]},{"@type":"ImageObject","inLanguage":"fr-FR","@id":"https:\/\/liturgia.o2switch.net\/lajussienne-com-sauvegarde-vieux-site\/masques\/armes-royales\/#primaryimage","url":"https:\/\/liturgia.o2switch.net\/lajussienne-com-sauvegarde-vieux-site\/wp-content\/uploads\/2020\/05\/armes-du-roi-louis-xiii-roi-de-france-et-de-navarre.jpg","contentUrl":"https:\/\/liturgia.o2switch.net\/lajussienne-com-sauvegarde-vieux-site\/wp-content\/uploads\/2020\/05\/armes-du-roi-louis-xiii-roi-de-france-et-de-navarre.jpg","width":650,"height":650,"caption":"Masque de protection aux armes du roi Louis XIII, roi de France et de Navarre"},{"@type":"BreadcrumbList","@id":"https:\/\/liturgia.o2switch.net\/lajussienne-com-sauvegarde-vieux-site\/masques\/armes-royales\/#breadcrumb","itemListElement":[{"@type":"ListItem","position":1,"name":"Accueil","item":"https:\/\/liturgia.o2switch.net\/lajussienne-com-sauvegarde-vieux-site\/"},{"@type":"ListItem","position":2,"name":"Masques de protection &#8211; collection historique","item":"https:\/\/liturgia.o2switch.net\/lajussienne-com-sauvegarde-vieux-site\/masques\/"},{"@type":"ListItem","position":3,"name":"Armes royales &#8211; masques de protection chics en tissu &#8211; collection historique"}]},{"@type":"WebSite","@id":"https:\/\/liturgia.o2switch.net\/lajussienne-com-sauvegarde-vieux-site\/#website","url":"https:\/\/liturgia.o2switch.net\/lajussienne-com-sauvegarde-vieux-site\/","name":"La Jussienne","description":"Un art de vivre \u00e0 la fran\u00e7aise","potentialAction":[{"@type":"SearchAction","target":{"@type":"EntryPoint","urlTemplate":"https:\/\/liturgia.o2switch.net\/lajussienne-com-sauvegarde-vieux-site\/?s={search_term_string}"},"query-input":{"@type":"PropertyValueSpecification","valueRequired":true,"valueName":"search_term_string"}}],"inLanguage":"fr-FR"}]}},"_links":{"self":[{"href":"https:\/\/liturgia.o2switch.net\/lajussienne-com-sauvegarde-vieux-site\/wp-json\/wp\/v2\/pages\/577","targetHints":{"allow":["GET"]}}],"collection":[{"href":"https:\/\/liturgia.o2switch.net\/lajussienne-com-sauvegarde-vieux-site\/wp-json\/wp\/v2\/pages"}],"about":[{"href":"https:\/\/liturgia.o2switch.net\/lajussienne-com-sauvegarde-vieux-site\/wp-json\/wp\/v2\/types\/page"}],"author":[{"embeddable":true,"href":"https:\/\/liturgia.o2switch.net\/lajussienne-com-sauvegarde-vieux-site\/wp-json\/wp\/v2\/users\/1"}],"replies":[{"embeddable":true,"href":"https:\/\/liturgia.o2switch.net\/lajussienne-com-sauvegarde-vieux-site\/wp-json\/wp\/v2\/comments?post=577"}],"version-history":[{"count":22,"href":"https:\/\/liturgia.o2switch.net\/lajussienne-com-sauvegarde-vieux-site\/wp-json\/wp\/v2\/pages\/577\/revisions"}],"predecessor-version":[{"id":762,"href":"https:\/\/liturgia.o2switch.net\/lajussienne-com-sauvegarde-vieux-site\/wp-json\/wp\/v2\/pages\/577\/revisions\/762"}],"up":[{"embeddable":true,"href":"https:\/\/liturgia.o2switch.net\/lajussienne-com-sauvegarde-vieux-site\/wp-json\/wp\/v2\/pages\/305"}],"wp:featuredmedia":[{"embeddable":true,"href":"https:\/\/liturgia.o2switch.net\/lajussienne-com-sauvegarde-vieux-site\/wp-json\/wp\/v2\/media\/585"}],"wp:attachment":[{"href":"https:\/\/liturgia.o2switch.net\/lajussienne-com-sauvegarde-vieux-site\/wp-json\/wp\/v2\/media?parent=577"}],"curies":[{"name":"wp","href":"https:\/\/api.w.org\/{rel}","templated":true}]}}