{"id":581,"date":"2020-05-29T18:41:33","date_gmt":"2020-05-29T18:41:33","guid":{"rendered":"https:\/\/liturgia.o2switch.net\/lajussienne-com-sauvegarde-vieux-site\/?page_id=581"},"modified":"2021-11-24T00:39:17","modified_gmt":"2021-11-24T00:39:17","slug":"collection-complete","status":"publish","type":"page","link":"https:\/\/liturgia.o2switch.net\/lajussienne-com-sauvegarde-vieux-site\/masques\/collection-complete\/","title":{"rendered":"Collection compl\u00e8te de nos masques &#8211; nos masques de protection \u00e0 motifs historiques"},"content":{"rendered":"\t\t<div data-elementor-type=\"wp-page\" data-elementor-id=\"581\" class=\"elementor elementor-581\" data-elementor-post-type=\"page\">\n\t\t\t\t\t\t<section class=\"elementor-section elementor-top-section elementor-element elementor-element-69072d32 elementor-section-content-middle elementor-section-boxed elementor-section-height-default elementor-section-height-default\" data-id=\"69072d32\" data-element_type=\"section\" data-settings=\"{&quot;background_background&quot;:&quot;classic&quot;}\">\n\t\t\t\t\t\t\t<div class=\"elementor-background-overlay\"><\/div>\n\t\t\t\t\t\t\t<div class=\"elementor-container elementor-column-gap-default\">\n\t\t\t\t\t<div class=\"elementor-column elementor-col-50 elementor-top-column elementor-element elementor-element-25a427e5\" data-id=\"25a427e5\" data-element_type=\"column\" data-settings=\"{&quot;background_background&quot;:&quot;classic&quot;}\">\n\t\t\t<div class=\"elementor-widget-wrap elementor-element-populated\">\n\t\t\t\t\t\t<section class=\"elementor-section elementor-inner-section elementor-element elementor-element-79923466 elementor-section-boxed elementor-section-height-default elementor-section-height-default elementor-invisible\" data-id=\"79923466\" data-element_type=\"section\" data-settings=\"{&quot;background_background&quot;:&quot;classic&quot;,&quot;animation&quot;:&quot;fadeIn&quot;}\">\n\t\t\t\t\t\t<div class=\"elementor-container elementor-column-gap-default\">\n\t\t\t\t\t<div class=\"elementor-column elementor-col-100 elementor-inner-column elementor-element elementor-element-2b3d3719\" data-id=\"2b3d3719\" data-element_type=\"column\" data-settings=\"{&quot;background_background&quot;:&quot;classic&quot;}\">\n\t\t\t<div class=\"elementor-widget-wrap elementor-element-populated\">\n\t\t\t\t\t\t<div class=\"elementor-element elementor-element-49c5f8b7 elementor-widget elementor-widget-heading\" data-id=\"49c5f8b7\" data-element_type=\"widget\" data-widget_type=\"heading.default\">\n\t\t\t\t<div class=\"elementor-widget-container\">\n\t\t\t<h2 class=\"elementor-heading-title elementor-size-default\"><a href=\"https:\/\/liturgia.o2switch.net\/lajussienne-com-sauvegarde-vieux-site\/masques\/\">La Jussienne pr\u00e9sente<\/a><\/h2>\t\t<\/div>\n\t\t\t\t<\/div>\n\t\t\t\t<div class=\"elementor-element elementor-element-342033d elementor-widget elementor-widget-heading\" data-id=\"342033d\" data-element_type=\"widget\" data-widget_type=\"heading.default\">\n\t\t\t\t<div class=\"elementor-widget-container\">\n\t\t\t<h2 class=\"elementor-heading-title elementor-size-default\"><a href=\"https:\/\/liturgia.o2switch.net\/lajussienne-com-sauvegarde-vieux-site\/masques\/\">Collection compl\u00e8te de nos masques historiques<\/a><\/h2>\t\t<\/div>\n\t\t\t\t<\/div>\n\t\t\t\t\t<\/div>\n\t\t<\/div>\n\t\t\t\t\t<\/div>\n\t\t<\/section>\n\t\t\t\t\t<\/div>\n\t\t<\/div>\n\t\t\t\t<div class=\"elementor-column elementor-col-50 elementor-top-column elementor-element elementor-element-1f625960 elementor-hidden-phone elementor-invisible\" data-id=\"1f625960\" data-element_type=\"column\" data-settings=\"{&quot;animation&quot;:&quot;fadeIn&quot;,&quot;animation_delay&quot;:&quot;100&quot;}\">\n\t\t\t<div class=\"elementor-widget-wrap elementor-element-populated\">\n\t\t\t\t\t\t<div class=\"elementor-element elementor-element-32859e54 elementor-hidden-phone elementor--h-position-center elementor--v-position-middle elementor-arrows-position-inside elementor-pagination-position-inside elementor-widget elementor-widget-slides\" data-id=\"32859e54\" data-element_type=\"widget\" data-settings=\"{&quot;navigation&quot;:&quot;both&quot;,&quot;autoplay&quot;:&quot;yes&quot;,&quot;pause_on_hover&quot;:&quot;yes&quot;,&quot;pause_on_interaction&quot;:&quot;yes&quot;,&quot;autoplay_speed&quot;:5000,&quot;infinite&quot;:&quot;yes&quot;,&quot;transition&quot;:&quot;slide&quot;,&quot;transition_speed&quot;:500}\" data-widget_type=\"slides.default\">\n\t\t\t\t<div class=\"elementor-widget-container\">\n\t\t\t\t\t<div class=\"elementor-swiper\">\n\t\t\t<div class=\"elementor-slides-wrapper elementor-main-swiper swiper\" dir=\"ltr\" data-animation=\"fadeInUp\">\n\t\t\t\t<div class=\"swiper-wrapper elementor-slides\">\n\t\t\t\t\t\t\t\t\t\t<div class=\"elementor-repeater-item-9afd1a8 swiper-slide\"><div class=\"swiper-slide-bg\" role=\"img\"><\/div><a class=\"swiper-slide-inner\" href=\"https:\/\/liturgia.o2switch.net\/lajussienne-com-sauvegarde-vieux-site\/masques\/sproduct\/henri-iv-et-marie-de-medicis-masque-de-protection-5eaa9004e4474211217b591b-1456-1\/\"><div class=\"swiper-slide-contents\"><\/div><\/a><\/div><div class=\"elementor-repeater-item-77161ae swiper-slide\"><div class=\"swiper-slide-bg\" role=\"img\"><\/div><a class=\"swiper-slide-inner\" href=\"https:\/\/liturgia.o2switch.net\/lajussienne-com-sauvegarde-vieux-site\/masques\/sproduct\/louis-xiii-masque-de-protection-5ea938112225096b436e0efd-1456-1\/\"><div class=\"swiper-slide-contents\"><\/div><\/a><\/div><div class=\"elementor-repeater-item-19a945e swiper-slide\"><div class=\"swiper-slide-bg\" role=\"img\"><\/div><a class=\"swiper-slide-inner\" href=\"https:\/\/liturgia.o2switch.net\/lajussienne-com-sauvegarde-vieux-site\/masques\/sproduct\/armes-de-france-masque-de-protection-5ea930e0e4474278326691a3-1456-1\/\"><div class=\"swiper-slide-contents\"><\/div><\/a><\/div>\t\t\t\t<\/div>\n\t\t\t\t\t\t\t\t\t\t\t\t\t\t\t<div class=\"swiper-pagination\"><\/div>\n\t\t\t\t\t\t\t\t\t\t\t\t\t\t\t\t<div class=\"elementor-swiper-button elementor-swiper-button-prev\" role=\"button\" tabindex=\"0\">\n\t\t\t\t\t\t\t<i aria-hidden=\"true\" class=\"eicon-chevron-left\"><\/i>\t\t\t\t\t\t\t<span class=\"elementor-screen-only\">Diapositive pr\u00e9c\u00e9dente<\/span>\n\t\t\t\t\t\t<\/div>\n\t\t\t\t\t\t<div class=\"elementor-swiper-button elementor-swiper-button-next\" role=\"button\" tabindex=\"0\">\n\t\t\t\t\t\t\t<i aria-hidden=\"true\" class=\"eicon-chevron-right\"><\/i>\t\t\t\t\t\t\t<span class=\"elementor-screen-only\">Diapositive suivante<\/span>\n\t\t\t\t\t\t<\/div>\n\t\t\t\t\t\t\t\t\t\t\t\t<\/div>\n\t\t<\/div>\n\t\t\t\t<\/div>\n\t\t\t\t<\/div>\n\t\t\t\t\t<\/div>\n\t\t<\/div>\n\t\t\t\t\t<\/div>\n\t\t<\/section>\n\t\t\t\t<section class=\"elementor-section elementor-top-section elementor-element elementor-element-7864ebc0 envato-kit-141-top-0 elementor-section-boxed elementor-section-height-default elementor-section-height-default\" data-id=\"7864ebc0\" data-element_type=\"section\" data-settings=\"{&quot;background_background&quot;:&quot;classic&quot;,&quot;animation&quot;:&quot;none&quot;}\">\n\t\t\t\t\t\t\t<div class=\"elementor-background-overlay\"><\/div>\n\t\t\t\t\t\t\t<div class=\"elementor-container elementor-column-gap-default\">\n\t\t\t\t\t<div class=\"elementor-column elementor-col-100 elementor-top-column elementor-element elementor-element-5466b17b\" data-id=\"5466b17b\" data-element_type=\"column\">\n\t\t\t<div class=\"elementor-widget-wrap elementor-element-populated\">\n\t\t\t\t\t\t<div class=\"elementor-element elementor-element-5371a538 elementor-invisible elementor-widget elementor-widget-heading\" data-id=\"5371a538\" data-element_type=\"widget\" data-settings=\"{&quot;_animation&quot;:&quot;fadeIn&quot;,&quot;_animation_delay&quot;:150}\" data-widget_type=\"heading.default\">\n\t\t\t\t<div class=\"elementor-widget-container\">\n\t\t\t<h2 class=\"elementor-heading-title elementor-size-default\">La distinction dans la distanciation<\/h2>\t\t<\/div>\n\t\t\t\t<\/div>\n\t\t\t\t<div class=\"elementor-element elementor-element-3ee8d025 elementor-invisible elementor-widget elementor-widget-heading\" data-id=\"3ee8d025\" data-element_type=\"widget\" data-settings=\"{&quot;_animation&quot;:&quot;fadeIn&quot;,&quot;_animation_delay&quot;:100}\" data-widget_type=\"heading.default\">\n\t\t\t\t<div class=\"elementor-widget-container\">\n\t\t\t<h2 class=\"elementor-heading-title elementor-size-default\">Tous les masques de La Jussienne<\/h2>\t\t<\/div>\n\t\t\t\t<\/div>\n\t\t\t\t<div class=\"elementor-element elementor-element-1517838d elementor-widget-divider--view-line elementor-invisible elementor-widget elementor-widget-divider\" data-id=\"1517838d\" data-element_type=\"widget\" data-settings=\"{&quot;_animation&quot;:&quot;fadeIn&quot;,&quot;_animation_delay&quot;:200}\" data-widget_type=\"divider.default\">\n\t\t\t\t<div class=\"elementor-widget-container\">\n\t\t\t\t\t<div class=\"elementor-divider\">\n\t\t\t<span class=\"elementor-divider-separator\">\n\t\t\t\t\t\t<\/span>\n\t\t<\/div>\n\t\t\t\t<\/div>\n\t\t\t\t<\/div>\n\t\t\t\t<div class=\"elementor-element elementor-element-23bf2262 elementor-invisible elementor-widget elementor-widget-heading\" data-id=\"23bf2262\" data-element_type=\"widget\" data-settings=\"{&quot;_animation&quot;:&quot;fadeIn&quot;,&quot;_animation_delay&quot;:250}\" data-widget_type=\"heading.default\">\n\t\t\t\t<div class=\"elementor-widget-container\">\n\t\t\t<h2 class=\"elementor-heading-title elementor-size-default\">La collection compl\u00e8te de nos masques en tissus disponibles en ce moment sur notre site web.<\/h2>\t\t<\/div>\n\t\t\t\t<\/div>\n\t\t\t\t\t<\/div>\n\t\t<\/div>\n\t\t\t\t\t<\/div>\n\t\t<\/section>\n\t\t\t\t<section class=\"elementor-section elementor-top-section elementor-element elementor-element-596aa76c elementor-section-stretched elementor-section-full_width elementor-section-height-default elementor-section-height-default\" data-id=\"596aa76c\" data-element_type=\"section\" data-settings=\"{&quot;stretch_section&quot;:&quot;section-stretched&quot;,&quot;background_background&quot;:&quot;classic&quot;}\">\n\t\t\t\t\t\t<div class=\"elementor-container elementor-column-gap-default\">\n\t\t\t\t\t<div class=\"elementor-column elementor-col-100 elementor-top-column elementor-element elementor-element-39a4b27a\" data-id=\"39a4b27a\" data-element_type=\"column\">\n\t\t\t<div class=\"elementor-widget-wrap elementor-element-populated\">\n\t\t\t\t\t\t<div class=\"elementor-element elementor-element-b56b438 elementor-widget elementor-widget-text-editor\" data-id=\"b56b438\" data-element_type=\"widget\" data-widget_type=\"text-editor.default\">\n\t\t\t\t<div class=\"elementor-widget-container\">\n\t\t\t\t\t\t\t[spreadplugin shop_topic=\u00a0\u00bbJcYEqkFfwg\u00a0\u00bb]\t\t\t\t\t\t<\/div>\n\t\t\t\t<\/div>\n\t\t\t\t\t<\/div>\n\t\t<\/div>\n\t\t\t\t\t<\/div>\n\t\t<\/section>\n\t\t\t\t<section class=\"elementor-section elementor-top-section elementor-element elementor-element-6dd9493c elementor-section-height-min-height elementor-section-boxed elementor-section-height-default elementor-section-items-middle\" data-id=\"6dd9493c\" data-element_type=\"section\" data-settings=\"{&quot;background_background&quot;:&quot;classic&quot;}\">\n\t\t\t\t\t\t<div class=\"elementor-container elementor-column-gap-default\">\n\t\t\t\t\t<div class=\"elementor-column elementor-col-100 elementor-top-column elementor-element elementor-element-12a6e749\" data-id=\"12a6e749\" data-element_type=\"column\">\n\t\t\t<div class=\"elementor-widget-wrap elementor-element-populated\">\n\t\t\t\t\t\t<section class=\"elementor-section elementor-inner-section elementor-element elementor-element-7cc52906 elementor-section-boxed elementor-section-height-default elementor-section-height-default\" data-id=\"7cc52906\" data-element_type=\"section\">\n\t\t\t\t\t\t<div class=\"elementor-container elementor-column-gap-default\">\n\t\t\t\t\t<div class=\"elementor-column elementor-col-33 elementor-inner-column elementor-element elementor-element-3d6498a1\" data-id=\"3d6498a1\" data-element_type=\"column\">\n\t\t\t<div class=\"elementor-widget-wrap elementor-element-populated\">\n\t\t\t\t\t\t<div class=\"elementor-element elementor-element-4a1873ff elementor-widget-divider--view-line elementor-widget elementor-widget-divider\" data-id=\"4a1873ff\" data-element_type=\"widget\" data-widget_type=\"divider.default\">\n\t\t\t\t<div class=\"elementor-widget-container\">\n\t\t\t\t\t<div class=\"elementor-divider\">\n\t\t\t<span class=\"elementor-divider-separator\">\n\t\t\t\t\t\t<\/span>\n\t\t<\/div>\n\t\t\t\t<\/div>\n\t\t\t\t<\/div>\n\t\t\t\t\t<\/div>\n\t\t<\/div>\n\t\t\t\t<div class=\"elementor-column elementor-col-33 elementor-inner-column elementor-element elementor-element-7d016ac6\" data-id=\"7d016ac6\" data-element_type=\"column\">\n\t\t\t<div class=\"elementor-widget-wrap elementor-element-populated\">\n\t\t\t\t\t\t<div class=\"elementor-element elementor-element-3f160c65 elementor-widget elementor-widget-heading\" data-id=\"3f160c65\" data-element_type=\"widget\" data-widget_type=\"heading.default\">\n\t\t\t\t<div class=\"elementor-widget-container\">\n\t\t\t<h3 class=\"elementor-heading-title elementor-size-default\">nos MASQUES<\/h3>\t\t<\/div>\n\t\t\t\t<\/div>\n\t\t\t\t\t<\/div>\n\t\t<\/div>\n\t\t\t\t<div class=\"elementor-column elementor-col-33 elementor-inner-column elementor-element elementor-element-796337a2\" data-id=\"796337a2\" data-element_type=\"column\">\n\t\t\t<div class=\"elementor-widget-wrap elementor-element-populated\">\n\t\t\t\t\t\t<div class=\"elementor-element elementor-element-3c35cd34 elementor-widget-divider--view-line elementor-widget elementor-widget-divider\" data-id=\"3c35cd34\" data-element_type=\"widget\" data-widget_type=\"divider.default\">\n\t\t\t\t<div class=\"elementor-widget-container\">\n\t\t\t\t\t<div class=\"elementor-divider\">\n\t\t\t<span class=\"elementor-divider-separator\">\n\t\t\t\t\t\t<\/span>\n\t\t<\/div>\n\t\t\t\t<\/div>\n\t\t\t\t<\/div>\n\t\t\t\t\t<\/div>\n\t\t<\/div>\n\t\t\t\t\t<\/div>\n\t\t<\/section>\n\t\t\t\t<div class=\"elementor-element elementor-element-594f2d4a elementor-widget elementor-widget-heading\" data-id=\"594f2d4a\" data-element_type=\"widget\" data-widget_type=\"heading.default\">\n\t\t\t\t<div class=\"elementor-widget-container\">\n\t\t\t<h2 class=\"elementor-heading-title elementor-size-default\">D\u00e9couvrez nos diff\u00e9rentes collections<\/h2>\t\t<\/div>\n\t\t\t\t<\/div>\n\t\t\t\t<section class=\"elementor-section elementor-inner-section elementor-element elementor-element-4db72d37 elementor-section-height-min-height animated-slow elementor-section-boxed elementor-section-height-default elementor-invisible\" data-id=\"4db72d37\" data-element_type=\"section\" data-settings=\"{&quot;animation&quot;:&quot;fadeIn&quot;}\">\n\t\t\t\t\t\t<div class=\"elementor-container elementor-column-gap-wide\">\n\t\t\t\t\t<div class=\"elementor-column elementor-col-50 elementor-inner-column elementor-element elementor-element-4c699b4b\" data-id=\"4c699b4b\" data-element_type=\"column\">\n\t\t\t<div class=\"elementor-widget-wrap elementor-element-populated\">\n\t\t\t\t\t\t<div class=\"elementor-element elementor-element-5f937e23 elementor-position-left elementor-vertical-align-middle envato-kit-140-imagebox-nospace elementor-widget elementor-widget-image-box\" data-id=\"5f937e23\" data-element_type=\"widget\" data-widget_type=\"image-box.default\">\n\t\t\t\t<div class=\"elementor-widget-container\">\n\t\t\t<div class=\"elementor-image-box-wrapper\"><figure class=\"elementor-image-box-img\"><a href=\"https:\/\/liturgia.o2switch.net\/lajussienne-com-sauvegarde-vieux-site\/masques\/masques-de-famille\/\" tabindex=\"-1\"><img decoding=\"async\" src=\"https:\/\/liturgia.o2switch.net\/lajussienne-com-sauvegarde-vieux-site\/wp-content\/uploads\/elementor\/thumbs\/Armes-de-famille-r85whhyhivqa09eoks7w8b9ewrb2k86ax5ugr5hwag.jpg\" title=\"Armorial des familles nobles de Champagne\" alt=\"Armorial des familles nobles de Champagne\" class=\"elementor-animation-bob\" loading=\"lazy\" \/><\/a><\/figure><div class=\"elementor-image-box-content\"><div class=\"elementor-image-box-title\"><a href=\"https:\/\/liturgia.o2switch.net\/lajussienne-com-sauvegarde-vieux-site\/masques\/masques-de-famille\/\">Masques de famille<\/a><\/div><p class=\"elementor-image-box-description\">Vos ex-libris du XVII<sup>\u00e8me<\/sup> si\u00e8cle deviennent vos masques du XXI<sup>\u00e8me<\/sup> si\u00e8cle ! Nous pouvons r\u00e9aliser un masque de protection \u00e0 vos armes de famille. D\u00e9couvrez quelques unes de nos cr\u00e9ations h\u00e9raldiques.<\/p><\/div><\/div>\t\t<\/div>\n\t\t\t\t<\/div>\n\t\t\t\t<div class=\"elementor-element elementor-element-56bd93ec elementor-position-left elementor-vertical-align-middle envato-kit-140-imagebox-nospace elementor-widget elementor-widget-image-box\" data-id=\"56bd93ec\" data-element_type=\"widget\" data-widget_type=\"image-box.default\">\n\t\t\t\t<div class=\"elementor-widget-container\">\n\t\t\t<div class=\"elementor-image-box-wrapper\"><figure class=\"elementor-image-box-img\"><a href=\"https:\/\/liturgia.o2switch.net\/lajussienne-com-sauvegarde-vieux-site\/masques\/rois-reines\/\" tabindex=\"-1\"><img decoding=\"async\" src=\"https:\/\/liturgia.o2switch.net\/lajussienne-com-sauvegarde-vieux-site\/wp-content\/uploads\/elementor\/thumbs\/Louis-XIV-r85whiwbpprkbvdbfamist0vi56frxa19ahy8fgi48.jpg\" title=\"Rois &#038; Reines de France. Portrait de Louis XIV\" alt=\"Rois &amp; Reines de France. Portrait de Louis XIV\" class=\"elementor-animation-bob\" loading=\"lazy\" \/><\/a><\/figure><div class=\"elementor-image-box-content\"><div class=\"elementor-image-box-title\"><a href=\"https:\/\/liturgia.o2switch.net\/lajussienne-com-sauvegarde-vieux-site\/masques\/rois-reines\/\">Rois &amp; Reines de France<\/a><\/div><p class=\"elementor-image-box-description\">Henri IV, Louis XIII, Louis XIV, Louis XVI, Marie-Antoinette, Louis XVII. Nos masques de protection en tissu arborent les portraits des rois et des reines qui ont fait la France et ont assur\u00e9 sa grandeur.<\/p><\/div><\/div>\t\t<\/div>\n\t\t\t\t<\/div>\n\t\t\t\t<div class=\"elementor-element elementor-element-65969dce elementor-position-left elementor-vertical-align-middle envato-kit-140-imagebox-nospace elementor-widget elementor-widget-image-box\" data-id=\"65969dce\" data-element_type=\"widget\" data-widget_type=\"image-box.default\">\n\t\t\t\t<div class=\"elementor-widget-container\">\n\t\t\t<div class=\"elementor-image-box-wrapper\"><figure class=\"elementor-image-box-img\"><a href=\"https:\/\/liturgia.o2switch.net\/lajussienne-com-sauvegarde-vieux-site\/masques\/danses-macabres-vanites\/\" tabindex=\"-1\"><img decoding=\"async\" src=\"https:\/\/liturgia.o2switch.net\/lajussienne-com-sauvegarde-vieux-site\/wp-content\/uploads\/elementor\/thumbs\/Danse-macabre-r85whiwbpprkbvdbfamist0vi56frxa19ahy8fgi48.jpg\" title=\"Danse macabre rock n&rsquo; roll\" alt=\"Danse macabre rock n&#039; roll\" class=\"elementor-animation-bob\" loading=\"lazy\" \/><\/a><\/figure><div class=\"elementor-image-box-content\"><div class=\"elementor-image-box-title\"><a href=\"https:\/\/liturgia.o2switch.net\/lajussienne-com-sauvegarde-vieux-site\/masques\/danses-macabres-vanites\/\">Danses macabres &amp; vanit\u00e9s<\/a><\/div><p class=\"elementor-image-box-description\">Comme autrefois les populations europ\u00e9ennes confront\u00e9es \u00e0 la Peste noire, d\u00e9fiez avec humour la mort et la fatalit\u00e9 avec nos danses macabres et nos vanit\u00e9s transform\u00e9es en protections sociales.<\/p><\/div><\/div>\t\t<\/div>\n\t\t\t\t<\/div>\n\t\t\t\t<div class=\"elementor-element elementor-element-3eb25bd4 elementor-position-left elementor-vertical-align-middle envato-kit-140-imagebox-nospace elementor-widget elementor-widget-image-box\" data-id=\"3eb25bd4\" data-element_type=\"widget\" data-widget_type=\"image-box.default\">\n\t\t\t\t<div class=\"elementor-widget-container\">\n\t\t\t<div class=\"elementor-image-box-wrapper\"><figure class=\"elementor-image-box-img\"><a href=\"https:\/\/liturgia.o2switch.net\/lajussienne-com-sauvegarde-vieux-site\/masques\/heroiques-divers\/\" tabindex=\"-1\"><img decoding=\"async\" src=\"https:\/\/liturgia.o2switch.net\/lajussienne-com-sauvegarde-vieux-site\/wp-content\/uploads\/elementor\/thumbs\/Bataille-de-Ravenne-r85whhyhivqa09eoks7w8b9ewrb2k86ax5ugr5hwag.jpg\" title=\"Bataille de Ravenne remport\u00e9e par les troupes fran\u00e7aises\" alt=\"Bataille de Ravenne remport\u00e9e par les troupes fran\u00e7aises\" class=\"elementor-animation-bob\" loading=\"lazy\" \/><\/a><\/figure><div class=\"elementor-image-box-content\"><div class=\"elementor-image-box-title\"><a href=\"https:\/\/liturgia.o2switch.net\/lajussienne-com-sauvegarde-vieux-site\/masques\/heroiques-divers\/\">H\u00e9ro\u00efques divers<\/a><\/div><p class=\"elementor-image-box-description\">Retrouvez ici quelques unes de nos gravures difficilement classables par ailleurs : sc\u00e8nes de bataille, habit de musicien ou encore humour anglais&nbsp;! Cette cat\u00e9gorie est appel\u00e9e \u00e0 augmenter au fil des jours !<\/p><\/div><\/div>\t\t<\/div>\n\t\t\t\t<\/div>\n\t\t\t\t\t<\/div>\n\t\t<\/div>\n\t\t\t\t<div class=\"elementor-column elementor-col-50 elementor-inner-column elementor-element elementor-element-5666631a\" data-id=\"5666631a\" data-element_type=\"column\">\n\t\t\t<div class=\"elementor-widget-wrap elementor-element-populated\">\n\t\t\t\t\t\t<div class=\"elementor-element elementor-element-7601a9c1 elementor-position-left elementor-vertical-align-middle envato-kit-140-imagebox-nospace elementor-widget elementor-widget-image-box\" data-id=\"7601a9c1\" data-element_type=\"widget\" data-widget_type=\"image-box.default\">\n\t\t\t\t<div class=\"elementor-widget-container\">\n\t\t\t<div class=\"elementor-image-box-wrapper\"><figure class=\"elementor-image-box-img\"><a href=\"https:\/\/liturgia.o2switch.net\/lajussienne-com-sauvegarde-vieux-site\/masques\/architectures-royales\/\" tabindex=\"-1\"><img decoding=\"async\" src=\"https:\/\/liturgia.o2switch.net\/lajussienne-com-sauvegarde-vieux-site\/wp-content\/uploads\/elementor\/thumbs\/Le-Louvre-r85whiwbpprkbvdbfamist0vi56frxa19ahy8fgi48.jpg\" title=\"Architectures royales : le palais du Louvre\" alt=\"Architectures royales : le palais du Louvre\" class=\"elementor-animation-bob\" loading=\"lazy\" \/><\/a><\/figure><div class=\"elementor-image-box-content\"><div class=\"elementor-image-box-title\"><a href=\"https:\/\/liturgia.o2switch.net\/lajussienne-com-sauvegarde-vieux-site\/masques\/architectures-royales\/\">Architectures et palais royaux<\/a><\/div><p class=\"elementor-image-box-description\">Le Louvre, Versailles, les Tuileries, Marly : d\u00e9couvrez tous nos masques de protection en tissu imprim\u00e9s avec les plus belles gravures d'architecture, pr\u00e9sentant les \u00e9l\u00e9vations des palais royaux et monuments.<\/p><\/div><\/div>\t\t<\/div>\n\t\t\t\t<\/div>\n\t\t\t\t<div class=\"elementor-element elementor-element-31e2634c elementor-position-left elementor-vertical-align-middle envato-kit-140-imagebox-nospace elementor-widget elementor-widget-image-box\" data-id=\"31e2634c\" data-element_type=\"widget\" data-widget_type=\"image-box.default\">\n\t\t\t\t<div class=\"elementor-widget-container\">\n\t\t\t<div class=\"elementor-image-box-wrapper\"><figure class=\"elementor-image-box-img\"><a href=\"https:\/\/liturgia.o2switch.net\/lajussienne-com-sauvegarde-vieux-site\/masques\/couronnes\/\" tabindex=\"-1\"><img decoding=\"async\" src=\"https:\/\/liturgia.o2switch.net\/lajussienne-com-sauvegarde-vieux-site\/wp-content\/uploads\/elementor\/thumbs\/Couronne-royale-de-France-r85whiwbpprkbvdbfamist0vi56frxa19ahy8fgi48.jpg\" title=\"Couronne royale des rois de France avec la devise du roi Henri II : Donec totum ambiat orbem\" alt=\"Couronne royale des rois de France avec la devise du roi Henri II : Donec totum ambiat orbem\" class=\"elementor-animation-bob\" loading=\"lazy\" \/><\/a><\/figure><div class=\"elementor-image-box-content\"><div class=\"elementor-image-box-title\"><a href=\"https:\/\/liturgia.o2switch.net\/lajussienne-com-sauvegarde-vieux-site\/masques\/couronnes\/\">Couronnes<\/a><\/div><p class=\"elementor-image-box-description\">Tr\u00e8s d\u00e9coratives, nos couronnes imprim\u00e9es sur vos masques de protection individuels vous distinguerons avec chic et originalit\u00e9. D\u00e9couvrez ce volet phare de notre collection, qui recueille les meilleurs suffrages.<\/p><\/div><\/div>\t\t<\/div>\n\t\t\t\t<\/div>\n\t\t\t\t<div class=\"elementor-element elementor-element-20054c8c elementor-position-left elementor-vertical-align-middle envato-kit-140-imagebox-nospace elementor-widget elementor-widget-image-box\" data-id=\"20054c8c\" data-element_type=\"widget\" data-widget_type=\"image-box.default\">\n\t\t\t\t<div class=\"elementor-widget-container\">\n\t\t\t<div class=\"elementor-image-box-wrapper\"><figure class=\"elementor-image-box-img\"><a href=\"https:\/\/liturgia.o2switch.net\/lajussienne-com-sauvegarde-vieux-site\/masques\/armes-royales\/\" tabindex=\"-1\"><img decoding=\"async\" src=\"https:\/\/liturgia.o2switch.net\/lajussienne-com-sauvegarde-vieux-site\/wp-content\/uploads\/elementor\/thumbs\/Armes-de-Louis-XIII-r85whg2t57npd1hevren3bqhpzkc4tyu8wjhslkomw.jpg\" title=\"Armes de Louis XIII, roi de France\" alt=\"Armes de Louis XIII, roi de France\" class=\"elementor-animation-bob\" loading=\"lazy\" \/><\/a><\/figure><div class=\"elementor-image-box-content\"><div class=\"elementor-image-box-title\"><a href=\"https:\/\/liturgia.o2switch.net\/lajussienne-com-sauvegarde-vieux-site\/masques\/armes-royales\/\">Armes royales<\/a><\/div><p class=\"elementor-image-box-description\">Arborez les armes royales de France et de Navarre sur vos masques de protection. Choisissez entre plusieurs dessins, de saint Louis \u00e0 Louis XIV, avec les armoiries des Reines de France.<\/p><\/div><\/div>\t\t<\/div>\n\t\t\t\t<\/div>\n\t\t\t\t<div class=\"elementor-element elementor-element-7d04d06 elementor-position-left elementor-vertical-align-middle envato-kit-140-imagebox-nospace elementor-widget elementor-widget-image-box\" data-id=\"7d04d06\" data-element_type=\"widget\" data-widget_type=\"image-box.default\">\n\t\t\t\t<div class=\"elementor-widget-container\">\n\t\t\t<div class=\"elementor-image-box-wrapper\"><figure class=\"elementor-image-box-img\"><a href=\"https:\/\/liturgia.o2switch.net\/lajussienne-com-sauvegarde-vieux-site\/masques\/\" tabindex=\"-1\"><img decoding=\"async\" src=\"https:\/\/liturgia.o2switch.net\/lajussienne-com-sauvegarde-vieux-site\/wp-content\/uploads\/elementor\/thumbs\/Henri-IV-et-Marie-de-Medicis-r85whiwbpprkbvdbfamist0vi56frxa19ahy8fgi48.jpg\" title=\"Masques de protection : Henri IV et Marie de M\u00e9dicis\" alt=\"Masques de protection : Henri IV et Marie de M\u00e9dicis\" class=\"elementor-animation-bob\" loading=\"lazy\" \/><\/a><\/figure><div class=\"elementor-image-box-content\"><div class=\"elementor-image-box-title\"><a href=\"https:\/\/liturgia.o2switch.net\/lajussienne-com-sauvegarde-vieux-site\/masques\/\">Nos meilleures ventes<\/a><\/div><p class=\"elementor-image-box-description\">Retrouvez ici une s\u00e9lection de nos r\u00e9alisations qui ont s\u00e9duit la majorit\u00e9 d'entre vous. Avec nos masque de protection, soyez chics et distingu\u00e9s en tous lieux et en toutes circonstances !<\/p><\/div><\/div>\t\t<\/div>\n\t\t\t\t<\/div>\n\t\t\t\t\t<\/div>\n\t\t<\/div>\n\t\t\t\t\t<\/div>\n\t\t<\/section>\n\t\t\t\t\t<\/div>\n\t\t<\/div>\n\t\t\t\t\t<\/div>\n\t\t<\/section>\n\t\t\t\t<section class=\"elementor-section elementor-top-section elementor-element elementor-element-3401f1a5 elementor-section-stretched elementor-section-boxed elementor-section-height-default elementor-section-height-default\" data-id=\"3401f1a5\" data-element_type=\"section\" data-settings=\"{&quot;stretch_section&quot;:&quot;section-stretched&quot;,&quot;background_background&quot;:&quot;classic&quot;}\">\n\t\t\t\t\t\t<div class=\"elementor-container elementor-column-gap-default\">\n\t\t\t\t\t<div class=\"elementor-column elementor-col-100 elementor-top-column elementor-element elementor-element-87ad1a0\" data-id=\"87ad1a0\" data-element_type=\"column\">\n\t\t\t<div class=\"elementor-widget-wrap\">\n\t\t\t\t\t\t\t<\/div>\n\t\t<\/div>\n\t\t\t\t\t<\/div>\n\t\t<\/section>\n\t\t\t\t<section class=\"elementor-section elementor-top-section elementor-element elementor-element-178681fe elementor-section-boxed elementor-section-height-default elementor-section-height-default\" data-id=\"178681fe\" data-element_type=\"section\" data-settings=\"{&quot;background_background&quot;:&quot;classic&quot;}\">\n\t\t\t\t\t\t<div class=\"elementor-container elementor-column-gap-default\">\n\t\t\t\t\t<div class=\"elementor-column elementor-col-100 elementor-top-column elementor-element elementor-element-bb1755e\" data-id=\"bb1755e\" data-element_type=\"column\">\n\t\t\t<div class=\"elementor-widget-wrap elementor-element-populated\">\n\t\t\t\t\t\t<div class=\"elementor-element elementor-element-26acb3bc elementor-widget elementor-widget-text-editor\" data-id=\"26acb3bc\" data-element_type=\"widget\" data-widget_type=\"text-editor.default\">\n\t\t\t\t<div class=\"elementor-widget-container\">\n\t\t\t\t\t\t\t<p>Avec nos <strong>masques de protection &#8211; Collection historique<\/strong>, couvrez votre bouche et votre nez, avec <strong>style<\/strong> et <strong>distinction<\/strong>, dans les lieux publics. Nos masques en tissu sont r\u00e9utilisables et lavables \u00e0 60 \u00b0C. Il est conseill\u00e9 de laver votre masque tous les jours (n&rsquo;h\u00e9sitez pas \u00e0 en acheter plusieurs pour vous faciliter la vie !). Une poche permet d\u2019y ins\u00e9rer \u00e9ventuellement un filtre (non fourni &#8211; <a href=\"https:\/\/www.google.com\/search?client=firefox-b-d&amp;q=Filtre+%C3%A0+charbon+actif+PM2.5%2C+5+couches+de+filtres+anti-humidit%C3%A9+rempla%C3%A7ables\" target=\"_blank\" rel=\"noopener\">voici des exemples de filtres que vous pouvez acheter sur le web pour ces masques<\/a>).<\/p><p>Nos masques de protection individuelle, de marque Spreadshirt, sont imprim\u00e9s selon nos dessins r\u00e9alis\u00e9s \u00e0 partir de gravures historiques scann\u00e9es en haute qualit\u00e9. La taille de nos masques est unique et universelle : le tissu fait 18 cm de large par 16 cm de haut.<\/p><p>Les masques sont en polyester imprim\u00e9, et doubl\u00e9s int\u00e9rieurement en coton. Il est possible d&rsquo;y ins\u00e9rer un filtre pour renforcer leur efficacit\u00e9. Les attaches sont en caoutchouc \u00e9lastique. Seule la face externe est imprim\u00e9e, la face interne ne l&rsquo;est pas. Ces masques sont fabriqu\u00e9s dans la Communaut\u00e9 europ\u00e9enne, en R\u00e9publique Tch\u00e8que.<\/p><p>Attention ! Ce produit est destin\u00e9 \u00e0 \u00eatre utilis\u00e9 comme accessoire. Ce produit n&rsquo;est pas destin\u00e9 \u00e0 se substituer \u00e0 un dispositif m\u00e9dical ou tout autre produit m\u00e9dical.<\/p><p>Vous devez \u00eatre en mesure de suivre d&rsquo;autres mesures de protection personnelle. Nous vous conseillons \u00e9galement de suivre de pr\u00e8s les derni\u00e8res recommandations des responsables de la sant\u00e9 publique pour prendre une d\u00e9cision \u00e9clair\u00e9e sur l&rsquo;utilisation de ces masques :<\/p><ul><li><a href=\"http:\/\/www.academie-medecine.fr\/communique-de-lacademie-pandemie-de-covid-19-mesures-barrieres-renforcees-pendant-le-confinement-et-en-phase-de-sortie-de-confinement\/\">Communiqu\u00e9 de l&rsquo;Acad\u00e9mie nationale de m\u00e9decine du 2 avril 2020<\/a> : \u00ab\u00a0En situation de p\u00e9nurie de masques et alors que la priorit\u00e9 d\u2019attribution des masques FFP2 et des masques chirurgicaux acquis par l\u2019\u00c9tat doit aller aux structures de sant\u00e9 (\u00e9tablissements de sant\u00e9, \u00e9tablissements m\u00e9dico-sociaux, professionnels de sant\u00e9 du secteur lib\u00e9ral) et aux professionnels les plus expos\u00e9s, l\u2019<strong>Acad\u00e9mie nationale de M\u00e9decine<\/strong> recommande que le port d\u2019un <strong>masque \u00ab grand public \u00bb<\/strong>, aussi dit <strong>\u00ab alternatif \u00bb<\/strong>, soit rendu obligatoire pour les sorties n\u00e9cessaires en p\u00e9riode de confinement\u00a0\u00bb.<\/li><li><a style=\"font-size: 1em; background-color: #2c8dac;\" href=\"https:\/\/www.amf.asso.fr\/documents-masques-alternatifs-recommandations-lamf\/40038\" target=\"_blank\" rel=\"noopener\">Recommandations de l&rsquo;Association des Maires de France du 8 avril 2020<\/a>\u00a0:\u00a0<span style=\"font-size: 1em;\">\u00ab<\/span><span style=\"font-size: 1em;\">\u00a0<\/span><span style=\"font-size: 1em;\">L\u2019<b>Association des maires de France<\/b> recommande aux maires de conseiller \u00e0 la population de porter un <b>masque artisanal<\/b> ou chirurgical sur la bouche et sur le nez durant les sorties autoris\u00e9es. (&#8230;)\u00a0<\/span>Le <b>masque artisanal en tissu<\/b> peut \u00eatre r\u00e9alis\u00e9 par tous moyens et confectionn\u00e9 par chaque utilisateur. <b>Il doit \u00eatre lav\u00e9 \u00e0 60\u00b0 tous les jours<\/b>. Il constitue un \u00e9quipement compl\u00e9mentaire de protection dont la g\u00e9n\u00e9ralisation permet d\u2019affecter les masques chirurgicaux aux personnes les plus expos\u00e9es, soit du fait de leur activit\u00e9 professionnelle, soit du fait de leur fragilit\u00e9 particuli\u00e8re.\u00a0<span style=\"font-size: 1em;\">\u00bb.<\/span><\/li><\/ul>\t\t\t\t\t\t<\/div>\n\t\t\t\t<\/div>\n\t\t\t\t\t<\/div>\n\t\t<\/div>\n\t\t\t\t\t<\/div>\n\t\t<\/section>\n\t\t\t\t<section class=\"elementor-section elementor-top-section elementor-element elementor-element-55f858da elementor-section-boxed elementor-section-height-default elementor-section-height-default\" data-id=\"55f858da\" data-element_type=\"section\" data-settings=\"{&quot;background_background&quot;:&quot;classic&quot;}\">\n\t\t\t\t\t\t<div class=\"elementor-container elementor-column-gap-default\">\n\t\t\t\t\t<div class=\"elementor-column elementor-col-25 elementor-top-column elementor-element elementor-element-68b6d86a\" data-id=\"68b6d86a\" data-element_type=\"column\">\n\t\t\t<div class=\"elementor-widget-wrap elementor-element-populated\">\n\t\t\t\t\t\t<div class=\"elementor-element elementor-element-37e7d091 elementor-widget elementor-widget-text-editor\" data-id=\"37e7d091\" data-element_type=\"widget\" data-widget_type=\"text-editor.default\">\n\t\t\t\t<div class=\"elementor-widget-container\">\n\t\t\t\t\t\t\t<p><a href=\"https:\/\/service.spreadshirt.com\/hc\/fr\/articles\/115000978409\/?shop_name=la-jussienne&amp;shop_id=100606190&amp;platform=eu\">Protection des donn\u00e9es<\/a><\/p><p><a href=\"https:\/\/shop.spreadshirt.fr\/la-jussienne\/imprint\">Informations l\u00e9gales<\/a><\/p><p><a href=\"https:\/\/service.spreadshirt.com\/hc\/fr\/articles\/115000978409\/?shop_name=la-jussienne&amp;shop_id=100606190&amp;platform=eu\">Politique de confidentialit\u00e9<\/a><\/p><p><a href=\"https:\/\/service.spreadshirt.com\/hc\/fr\/articles\/115000991305\/?shop_name=la-jussienne&amp;shop_id=100606190&amp;platform=eu\">Copyrights<\/a><\/p><p><a href=\"https:\/\/service.spreadshirt.com\/hc\/fr\/articles\/115000991325\/?shop_name=la-jussienne&amp;shop_id=100606190&amp;platform=eu\">Termes et conditions<\/a><\/p>\t\t\t\t\t\t<\/div>\n\t\t\t\t<\/div>\n\t\t\t\t\t<\/div>\n\t\t<\/div>\n\t\t\t\t<div class=\"elementor-column elementor-col-25 elementor-top-column elementor-element elementor-element-130d2cf1\" data-id=\"130d2cf1\" data-element_type=\"column\">\n\t\t\t<div class=\"elementor-widget-wrap elementor-element-populated\">\n\t\t\t\t\t\t<div class=\"elementor-element elementor-element-28d2985d elementor-view-default elementor-widget elementor-widget-icon\" data-id=\"28d2985d\" data-element_type=\"widget\" data-widget_type=\"icon.default\">\n\t\t\t\t<div class=\"elementor-widget-container\">\n\t\t\t\t\t<div class=\"elementor-icon-wrapper\">\n\t\t\t<div class=\"elementor-icon\">\n\t\t\t<i aria-hidden=\"true\" class=\"fab fa-cc-visa\"><\/i>\t\t\t<\/div>\n\t\t<\/div>\n\t\t\t\t<\/div>\n\t\t\t\t<\/div>\n\t\t\t\t<div class=\"elementor-element elementor-element-42926054 elementor-view-default elementor-widget elementor-widget-icon\" data-id=\"42926054\" data-element_type=\"widget\" data-widget_type=\"icon.default\">\n\t\t\t\t<div class=\"elementor-widget-container\">\n\t\t\t\t\t<div class=\"elementor-icon-wrapper\">\n\t\t\t<div class=\"elementor-icon\">\n\t\t\t<i aria-hidden=\"true\" class=\"fab fa-cc-mastercard\"><\/i>\t\t\t<\/div>\n\t\t<\/div>\n\t\t\t\t<\/div>\n\t\t\t\t<\/div>\n\t\t\t\t<div class=\"elementor-element elementor-element-2295043b elementor-view-default elementor-widget elementor-widget-icon\" data-id=\"2295043b\" data-element_type=\"widget\" data-widget_type=\"icon.default\">\n\t\t\t\t<div class=\"elementor-widget-container\">\n\t\t\t\t\t<div class=\"elementor-icon-wrapper\">\n\t\t\t<div class=\"elementor-icon\">\n\t\t\t<i aria-hidden=\"true\" class=\"fab fa-cc-amex\"><\/i>\t\t\t<\/div>\n\t\t<\/div>\n\t\t\t\t<\/div>\n\t\t\t\t<\/div>\n\t\t\t\t<div class=\"elementor-element elementor-element-777e3990 elementor-view-default elementor-widget elementor-widget-icon\" data-id=\"777e3990\" data-element_type=\"widget\" data-widget_type=\"icon.default\">\n\t\t\t\t<div class=\"elementor-widget-container\">\n\t\t\t\t\t<div class=\"elementor-icon-wrapper\">\n\t\t\t<div class=\"elementor-icon\">\n\t\t\t<i aria-hidden=\"true\" class=\"fab fa-cc-paypal\"><\/i>\t\t\t<\/div>\n\t\t<\/div>\n\t\t\t\t<\/div>\n\t\t\t\t<\/div>\n\t\t\t\t\t<\/div>\n\t\t<\/div>\n\t\t\t\t<div class=\"elementor-column elementor-col-25 elementor-top-column elementor-element elementor-element-ddc780b\" data-id=\"ddc780b\" data-element_type=\"column\">\n\t\t\t<div class=\"elementor-widget-wrap elementor-element-populated\">\n\t\t\t\t\t\t<div class=\"elementor-element elementor-element-2833b495 elementor-widget elementor-widget-text-editor\" data-id=\"2833b495\" data-element_type=\"widget\" data-widget_type=\"text-editor.default\">\n\t\t\t\t<div class=\"elementor-widget-container\">\n\t\t\t\t\t\t\t<p><a href=\"https:\/\/service.spreadshirt.com\/hc\/fr\/?shop_name=la-jussienne&amp;shop_id=100606190&amp;platform=eu\">Frais de port et d\u00e9lais<\/a><\/p><p><a href=\"https:\/\/service.spreadshirt.com\/hc\/fr\/?shop_name=la-jussienne&amp;shop_id=100606190&amp;platform=eu\">Aide<\/a><\/p><p><a href=\"mailto:service@spreadshirt.fr\">Service client<\/a><\/p><p><a href=\"tel:+33805082216\">+33 8 05 08 22 16<\/a><br \/>(du lundi au vendredi de 9h \u00e0 18h)<\/p>\t\t\t\t\t\t<\/div>\n\t\t\t\t<\/div>\n\t\t\t\t\t<\/div>\n\t\t<\/div>\n\t\t\t\t<div class=\"elementor-column elementor-col-25 elementor-top-column elementor-element elementor-element-20863d08\" data-id=\"20863d08\" data-element_type=\"column\">\n\t\t\t<div class=\"elementor-widget-wrap elementor-element-populated\">\n\t\t\t\t\t\t<div class=\"elementor-element elementor-element-38cef73c elementor-view-default elementor-widget elementor-widget-icon\" data-id=\"38cef73c\" data-element_type=\"widget\" data-widget_type=\"icon.default\">\n\t\t\t\t<div class=\"elementor-widget-container\">\n\t\t\t\t\t<div class=\"elementor-icon-wrapper\">\n\t\t\t<div class=\"elementor-icon\">\n\t\t\t<svg xmlns:cc=\"http:\/\/creativecommons.org\/ns#\" xmlns:dc=\"http:\/\/purl.org\/dc\/elements\/1.1\/\" xmlns:inkscape=\"http:\/\/www.inkscape.org\/namespaces\/inkscape\" xmlns:rdf=\"http:\/\/www.w3.org\/1999\/02\/22-rdf-syntax-ns#\" xmlns:sodipodi=\"http:\/\/sodipodi.sourceforge.net\/DTD\/sodipodi-0.dtd\" xmlns:svg=\"http:\/\/www.w3.org\/2000\/svg\" xmlns=\"http:\/\/www.w3.org\/2000\/svg\" xmlns:xlink=\"http:\/\/www.w3.org\/1999\/xlink\" id=\"Calque_1\" inkscape:version=\"0.92.2 (5c3e80d, 2017-08-06)\" sodipodi:docname=\"La Poste logo.svg\" x=\"0px\" y=\"0px\" viewBox=\"0 0 336.1 274.5\" style=\"enable-background:new 0 0 336.1 274.5;\" xml:space=\"preserve\"><style type=\"text\/css\">\t.st0{fill:#FFFFFF;}<\/style><title id=\"title2\">La Poste logo<\/title><path id=\"path4\" class=\"st0\" d=\"M25.3,220.6h-7.9V257c-0.1,1.5,1,2.7,2.4,2.8c0.1,0,0.3,0,0.4,0H44l3.8-7.3H25.3V220.6z\"><\/path><path id=\"path6\" class=\"st0\" d=\"M77.2,220.3h-8.1l-20.5,39.6h8.6l3.7-7.3h24.6l2.4,4.8c1.2,2.3,2.3,2.5,5.4,2.5h4.6L77.2,220.3z   M64.4,245.5l8.7-17.2l8.7,17.2H64.4z\"><\/path><path id=\"path8\" class=\"st0\" d=\"M121.4,248.1v11.7h-7.9v-39.2c4.2-0.1,9.8-0.3,14.5-0.3c9.1,0,15.1,1.3,18.7,4.9  c2.2,2.3,3.4,5.4,3.2,8.5c0,11.3-8.8,14.4-21.5,14.4C126.7,248.2,123.5,248.1,121.4,248.1z M121.4,240.9c2,0,4.5,0.1,6.3,0.1  c5.1,0,9.8-0.2,12.3-2.6c1.1-1.2,1.7-2.7,1.7-4.4c0-1.3-0.5-2.6-1.3-3.7c-2.5-2.5-6.1-2.6-12.6-2.6c-1.7,0-4.3,0-6.3,0.1V240.9z\"><\/path><path id=\"path10\" class=\"st0\" d=\"M201.5,240.2c0,11.2-8.8,20.4-23.7,20.4s-23.7-9.1-23.7-20.4s8.8-20.4,23.7-20.4  S201.5,229,201.5,240.2z M177.8,227c-9,0-15.4,5.2-15.4,13.2c0,8,6.4,13.2,15.4,13.2s15.4-5.2,15.4-13.2S186.8,227,177.8,227  L177.8,227z\"><\/path><path id=\"path12\" class=\"st0\" d=\"M241.6,224.2c-4.3-2.7-11.3-4.4-16.6-4.4c-10,0-17.8,5.2-17.8,12.5c0,13.7,27,8.6,27,16.8  c0,3.3-4.9,4.7-9.2,4.7c-5.6,0-11.1-1.8-15.8-5l-4.1,6c4.9,3.4,12.9,5.6,19.2,5.6c9.9,0,18.1-4.6,18.1-12.3  c0-13.9-26.9-9.6-26.9-17.2c0-3.2,4.5-4.6,9.3-4.6c4.6,0.1,9.1,1.4,13,4L241.6,224.2z\"><\/path><polygon id=\"polygon14\" class=\"st0\" points=\"283.3,220.6 245.4,220.6 245.4,227.9 260.2,227.9 260.2,259.8 268.2,259.8 268.2,227.9   283.3,227.9 \"><\/polygon><path id=\"path16\" class=\"st0\" d=\"M288.3,220.6V257c-0.1,1.5,1,2.7,2.4,2.8c0.1,0,0.3,0,0.4,0h32v-7.3h-26.9v-9.1h24v-7.3h-24v-8.3  h26.1v-7.3L288.3,220.6\"><\/path><path class=\"st0\" d=\"M268.9,35.8c-26.5-21.2-63-24.4-95.4-18.6c-42.2,7.8-83.2,30-108.2,65.6c-15.8,22-22.9,53.1-8.9,77.7  c14.9,26.1,46,37.5,74.7,38.8c33.4,1.6,67.1-7.6,96-24.4c29.3-17.3,56.1-44,63.2-78.3C295,74.3,286.9,49.9,268.9,35.8z M115.8,71.4  c0.3-1.6,2.3-1.5,3.1-1.5h97.8c7,0,10.5,0.3,12.6,2.4c2,1.9,1.9,4.8,0.1,8.1c-1.6,3-4.3,7.8-4.4,7.9l-72.9,1.1c0,0-0.6-0.4-0.9-0.7  c-9.8-6.6-27.3-12.8-32.7-14.7c-0.8-0.2-1.6-0.6-2.3-1.2C115.9,72.5,115.7,72,115.8,71.4z M185.7,138.2c-3.5,2.1-8.3,2-8.3,2  l-80.6,1.4l112.5-27.6C198.7,128.6,191.3,134.8,185.7,138.2z M265.6,97.3c-24.6,4.4-58.2,11.8-92.2,20.3  c-32.9,8.2-66.6,16.7-85.1,21.5c-2,0.5-3.9,1-5.5,1.4c-3.7,1-4.7,0.5-5.1-0.5c-0.3-1,0.4-1.8,1.5-2.3c1.3-0.7,5.4-2.1,7.7-3  c9.6-3.5,28.1-10.5,42.8-17.5c13.9-6.7,24.2-14.1,24.2-21.8c0-1,0.3-1.2,1.2-1.2c1.7-0.1,108.4-1.7,110-1.7c2.3-0.1,3.9,0.7,4,2.1  C269.1,95.9,267.5,97,265.6,97.3z\"><\/path><\/svg>\t\t\t<\/div>\n\t\t<\/div>\n\t\t\t\t<\/div>\n\t\t\t\t<\/div>\n\t\t\t\t<div class=\"elementor-element elementor-element-19a177a7 elementor-view-default elementor-widget elementor-widget-icon\" data-id=\"19a177a7\" data-element_type=\"widget\" data-widget_type=\"icon.default\">\n\t\t\t\t<div class=\"elementor-widget-container\">\n\t\t\t\t\t<div class=\"elementor-icon-wrapper\">\n\t\t\t<div class=\"elementor-icon\">\n\t\t\t<i aria-hidden=\"true\" class=\"fab fa-dhl\"><\/i>\t\t\t<\/div>\n\t\t<\/div>\n\t\t\t\t<\/div>\n\t\t\t\t<\/div>\n\t\t\t\t<div class=\"elementor-element elementor-element-2f5edc52 elementor-view-default elementor-widget elementor-widget-icon\" data-id=\"2f5edc52\" data-element_type=\"widget\" data-widget_type=\"icon.default\">\n\t\t\t\t<div class=\"elementor-widget-container\">\n\t\t\t\t\t<div class=\"elementor-icon-wrapper\">\n\t\t\t<div class=\"elementor-icon\">\n\t\t\t<i aria-hidden=\"true\" class=\"fab fa-ups\"><\/i>\t\t\t<\/div>\n\t\t<\/div>\n\t\t\t\t<\/div>\n\t\t\t\t<\/div>\n\t\t\t\t\t<\/div>\n\t\t<\/div>\n\t\t\t\t\t<\/div>\n\t\t<\/section>\n\t\t\t\t<\/div>\n\t\t","protected":false},"excerpt":{"rendered":"<p>La Jussienne pr\u00e9sente Collection compl\u00e8te de nos masques historiques Previous Next La distinction dans la distanciation Tous les masques de La Jussienne La collection compl\u00e8te de nos masques en tissus disponibles en ce moment sur notre site web. [spreadplugin shop_topic=\u00a0\u00bbJcYEqkFfwg\u00a0\u00bb] nos MASQUES D\u00e9couvrez nos diff\u00e9rentes collections Masques de famille Vos ex-libris du XVII\u00e8me si\u00e8cle deviennent &#8230; <a title=\"Collection compl\u00e8te de nos masques &#8211; nos masques de protection \u00e0 motifs historiques\" class=\"read-more\" href=\"https:\/\/liturgia.o2switch.net\/lajussienne-com-sauvegarde-vieux-site\/masques\/collection-complete\/\" aria-label=\"En savoir plus sur Collection compl\u00e8te de nos masques &#8211; nos masques de protection \u00e0 motifs historiques\">Lire plus<\/a><\/p>\n","protected":false},"author":1,"featured_media":587,"parent":305,"menu_order":0,"comment_status":"closed","ping_status":"closed","template":"elementor_header_footer","meta":{"footnotes":""},"class_list":{"0":"post-581","1":"page","2":"type-page","3":"status-publish","4":"has-post-thumbnail","6":"infinite-scroll-item"},"yoast_head":"<!-- This site is optimized with the Yoast SEO plugin v24.6 - https:\/\/yoast.com\/wordpress\/plugins\/seo\/ -->\n<title>Collection compl\u00e8te - nos masques de protection historiques La Jussienne<\/title>\n<meta name=\"description\" content=\"Retrouvez sur cette page la collection compl\u00e8te de nos masques de protection - collection historique r\u00e9alis\u00e9s \u00e0 partir de gravures anciennes originales.\" \/>\n<meta name=\"robots\" content=\"noindex, follow, max-snippet:-1, max-image-preview:large, max-video-preview:-1\" \/>\n<meta property=\"og:locale\" content=\"fr_FR\" \/>\n<meta property=\"og:type\" content=\"article\" \/>\n<meta property=\"og:title\" content=\"Collection compl\u00e8te - nos masques de protection historiques La Jussienne\" \/>\n<meta property=\"og:description\" content=\"Retrouvez sur cette page la collection compl\u00e8te de nos masques de protection - collection historique r\u00e9alis\u00e9s \u00e0 partir de gravures anciennes originales.\" \/>\n<meta property=\"og:url\" content=\"https:\/\/liturgia.o2switch.net\/lajussienne-com-sauvegarde-vieux-site\/masques\/collection-complete\/\" \/>\n<meta property=\"og:site_name\" content=\"La Jussienne\" \/>\n<meta property=\"article:modified_time\" content=\"2021-11-24T00:39:17+00:00\" \/>\n<meta property=\"og:image\" content=\"https:\/\/liturgia.o2switch.net\/lajussienne-com-sauvegarde-vieux-site\/wp-content\/uploads\/2020\/05\/armes-de-france-datant-du-regne-de-louis-xiv.jpg\" \/>\n\t<meta property=\"og:image:width\" content=\"650\" \/>\n\t<meta property=\"og:image:height\" content=\"650\" \/>\n\t<meta property=\"og:image:type\" content=\"image\/jpeg\" \/>\n<meta name=\"twitter:card\" content=\"summary_large_image\" \/>\n<meta name=\"twitter:label1\" content=\"Dur\u00e9e de lecture estim\u00e9e\" \/>\n\t<meta name=\"twitter:data1\" content=\"6 minutes\" \/>\n<script type=\"application\/ld+json\" class=\"yoast-schema-graph\">{\"@context\":\"https:\/\/schema.org\",\"@graph\":[{\"@type\":\"WebPage\",\"@id\":\"https:\/\/liturgia.o2switch.net\/lajussienne-com-sauvegarde-vieux-site\/masques\/collection-complete\/\",\"url\":\"https:\/\/liturgia.o2switch.net\/lajussienne-com-sauvegarde-vieux-site\/masques\/collection-complete\/\",\"name\":\"Collection compl\u00e8te - nos masques de protection historiques La Jussienne\",\"isPartOf\":{\"@id\":\"https:\/\/liturgia.o2switch.net\/lajussienne-com-sauvegarde-vieux-site\/#website\"},\"primaryImageOfPage\":{\"@id\":\"https:\/\/liturgia.o2switch.net\/lajussienne-com-sauvegarde-vieux-site\/masques\/collection-complete\/#primaryimage\"},\"image\":{\"@id\":\"https:\/\/liturgia.o2switch.net\/lajussienne-com-sauvegarde-vieux-site\/masques\/collection-complete\/#primaryimage\"},\"thumbnailUrl\":\"https:\/\/liturgia.o2switch.net\/lajussienne-com-sauvegarde-vieux-site\/wp-content\/uploads\/2020\/05\/armes-de-france-datant-du-regne-de-louis-xiv.jpg\",\"datePublished\":\"2020-05-29T18:41:33+00:00\",\"dateModified\":\"2021-11-24T00:39:17+00:00\",\"description\":\"Retrouvez sur cette page la collection compl\u00e8te de nos masques de protection - collection historique r\u00e9alis\u00e9s \u00e0 partir de gravures anciennes originales.\",\"breadcrumb\":{\"@id\":\"https:\/\/liturgia.o2switch.net\/lajussienne-com-sauvegarde-vieux-site\/masques\/collection-complete\/#breadcrumb\"},\"inLanguage\":\"fr-FR\",\"potentialAction\":[{\"@type\":\"ReadAction\",\"target\":[\"https:\/\/liturgia.o2switch.net\/lajussienne-com-sauvegarde-vieux-site\/masques\/collection-complete\/\"]}]},{\"@type\":\"ImageObject\",\"inLanguage\":\"fr-FR\",\"@id\":\"https:\/\/liturgia.o2switch.net\/lajussienne-com-sauvegarde-vieux-site\/masques\/collection-complete\/#primaryimage\",\"url\":\"https:\/\/liturgia.o2switch.net\/lajussienne-com-sauvegarde-vieux-site\/wp-content\/uploads\/2020\/05\/armes-de-france-datant-du-regne-de-louis-xiv.jpg\",\"contentUrl\":\"https:\/\/liturgia.o2switch.net\/lajussienne-com-sauvegarde-vieux-site\/wp-content\/uploads\/2020\/05\/armes-de-france-datant-du-regne-de-louis-xiv.jpg\",\"width\":650,\"height\":650,\"caption\":\"Collection compl\u00e8te : masques de protections - armes de France datant du r\u00e8gne de Louis XIV\"},{\"@type\":\"BreadcrumbList\",\"@id\":\"https:\/\/liturgia.o2switch.net\/lajussienne-com-sauvegarde-vieux-site\/masques\/collection-complete\/#breadcrumb\",\"itemListElement\":[{\"@type\":\"ListItem\",\"position\":1,\"name\":\"Accueil\",\"item\":\"https:\/\/liturgia.o2switch.net\/lajussienne-com-sauvegarde-vieux-site\/\"},{\"@type\":\"ListItem\",\"position\":2,\"name\":\"Masques de protection &#8211; collection historique\",\"item\":\"https:\/\/liturgia.o2switch.net\/lajussienne-com-sauvegarde-vieux-site\/masques\/\"},{\"@type\":\"ListItem\",\"position\":3,\"name\":\"Collection compl\u00e8te de nos masques &#8211; nos masques de protection \u00e0 motifs historiques\"}]},{\"@type\":\"WebSite\",\"@id\":\"https:\/\/liturgia.o2switch.net\/lajussienne-com-sauvegarde-vieux-site\/#website\",\"url\":\"https:\/\/liturgia.o2switch.net\/lajussienne-com-sauvegarde-vieux-site\/\",\"name\":\"La Jussienne\",\"description\":\"Un art de vivre \u00e0 la fran\u00e7aise\",\"potentialAction\":[{\"@type\":\"SearchAction\",\"target\":{\"@type\":\"EntryPoint\",\"urlTemplate\":\"https:\/\/liturgia.o2switch.net\/lajussienne-com-sauvegarde-vieux-site\/?s={search_term_string}\"},\"query-input\":{\"@type\":\"PropertyValueSpecification\",\"valueRequired\":true,\"valueName\":\"search_term_string\"}}],\"inLanguage\":\"fr-FR\"}]}<\/script>\n<!-- \/ Yoast SEO plugin. -->","yoast_head_json":{"title":"Collection compl\u00e8te - nos masques de protection historiques La Jussienne","description":"Retrouvez sur cette page la collection compl\u00e8te de nos masques de protection - collection historique r\u00e9alis\u00e9s \u00e0 partir de gravures anciennes originales.","robots":{"index":"noindex","follow":"follow","max-snippet":"max-snippet:-1","max-image-preview":"max-image-preview:large","max-video-preview":"max-video-preview:-1"},"og_locale":"fr_FR","og_type":"article","og_title":"Collection compl\u00e8te - nos masques de protection historiques La Jussienne","og_description":"Retrouvez sur cette page la collection compl\u00e8te de nos masques de protection - collection historique r\u00e9alis\u00e9s \u00e0 partir de gravures anciennes originales.","og_url":"https:\/\/liturgia.o2switch.net\/lajussienne-com-sauvegarde-vieux-site\/masques\/collection-complete\/","og_site_name":"La Jussienne","article_modified_time":"2021-11-24T00:39:17+00:00","og_image":[{"width":650,"height":650,"url":"https:\/\/liturgia.o2switch.net\/lajussienne-com-sauvegarde-vieux-site\/wp-content\/uploads\/2020\/05\/armes-de-france-datant-du-regne-de-louis-xiv.jpg","type":"image\/jpeg"}],"twitter_card":"summary_large_image","twitter_misc":{"Dur\u00e9e de lecture estim\u00e9e":"6 minutes"},"schema":{"@context":"https:\/\/schema.org","@graph":[{"@type":"WebPage","@id":"https:\/\/liturgia.o2switch.net\/lajussienne-com-sauvegarde-vieux-site\/masques\/collection-complete\/","url":"https:\/\/liturgia.o2switch.net\/lajussienne-com-sauvegarde-vieux-site\/masques\/collection-complete\/","name":"Collection compl\u00e8te - nos masques de protection historiques La Jussienne","isPartOf":{"@id":"https:\/\/liturgia.o2switch.net\/lajussienne-com-sauvegarde-vieux-site\/#website"},"primaryImageOfPage":{"@id":"https:\/\/liturgia.o2switch.net\/lajussienne-com-sauvegarde-vieux-site\/masques\/collection-complete\/#primaryimage"},"image":{"@id":"https:\/\/liturgia.o2switch.net\/lajussienne-com-sauvegarde-vieux-site\/masques\/collection-complete\/#primaryimage"},"thumbnailUrl":"https:\/\/liturgia.o2switch.net\/lajussienne-com-sauvegarde-vieux-site\/wp-content\/uploads\/2020\/05\/armes-de-france-datant-du-regne-de-louis-xiv.jpg","datePublished":"2020-05-29T18:41:33+00:00","dateModified":"2021-11-24T00:39:17+00:00","description":"Retrouvez sur cette page la collection compl\u00e8te de nos masques de protection - collection historique r\u00e9alis\u00e9s \u00e0 partir de gravures anciennes originales.","breadcrumb":{"@id":"https:\/\/liturgia.o2switch.net\/lajussienne-com-sauvegarde-vieux-site\/masques\/collection-complete\/#breadcrumb"},"inLanguage":"fr-FR","potentialAction":[{"@type":"ReadAction","target":["https:\/\/liturgia.o2switch.net\/lajussienne-com-sauvegarde-vieux-site\/masques\/collection-complete\/"]}]},{"@type":"ImageObject","inLanguage":"fr-FR","@id":"https:\/\/liturgia.o2switch.net\/lajussienne-com-sauvegarde-vieux-site\/masques\/collection-complete\/#primaryimage","url":"https:\/\/liturgia.o2switch.net\/lajussienne-com-sauvegarde-vieux-site\/wp-content\/uploads\/2020\/05\/armes-de-france-datant-du-regne-de-louis-xiv.jpg","contentUrl":"https:\/\/liturgia.o2switch.net\/lajussienne-com-sauvegarde-vieux-site\/wp-content\/uploads\/2020\/05\/armes-de-france-datant-du-regne-de-louis-xiv.jpg","width":650,"height":650,"caption":"Collection compl\u00e8te : masques de protections - armes de France datant du r\u00e8gne de Louis XIV"},{"@type":"BreadcrumbList","@id":"https:\/\/liturgia.o2switch.net\/lajussienne-com-sauvegarde-vieux-site\/masques\/collection-complete\/#breadcrumb","itemListElement":[{"@type":"ListItem","position":1,"name":"Accueil","item":"https:\/\/liturgia.o2switch.net\/lajussienne-com-sauvegarde-vieux-site\/"},{"@type":"ListItem","position":2,"name":"Masques de protection &#8211; collection historique","item":"https:\/\/liturgia.o2switch.net\/lajussienne-com-sauvegarde-vieux-site\/masques\/"},{"@type":"ListItem","position":3,"name":"Collection compl\u00e8te de nos masques &#8211; nos masques de protection \u00e0 motifs historiques"}]},{"@type":"WebSite","@id":"https:\/\/liturgia.o2switch.net\/lajussienne-com-sauvegarde-vieux-site\/#website","url":"https:\/\/liturgia.o2switch.net\/lajussienne-com-sauvegarde-vieux-site\/","name":"La Jussienne","description":"Un art de vivre \u00e0 la fran\u00e7aise","potentialAction":[{"@type":"SearchAction","target":{"@type":"EntryPoint","urlTemplate":"https:\/\/liturgia.o2switch.net\/lajussienne-com-sauvegarde-vieux-site\/?s={search_term_string}"},"query-input":{"@type":"PropertyValueSpecification","valueRequired":true,"valueName":"search_term_string"}}],"inLanguage":"fr-FR"}]}},"_links":{"self":[{"href":"https:\/\/liturgia.o2switch.net\/lajussienne-com-sauvegarde-vieux-site\/wp-json\/wp\/v2\/pages\/581","targetHints":{"allow":["GET"]}}],"collection":[{"href":"https:\/\/liturgia.o2switch.net\/lajussienne-com-sauvegarde-vieux-site\/wp-json\/wp\/v2\/pages"}],"about":[{"href":"https:\/\/liturgia.o2switch.net\/lajussienne-com-sauvegarde-vieux-site\/wp-json\/wp\/v2\/types\/page"}],"author":[{"embeddable":true,"href":"https:\/\/liturgia.o2switch.net\/lajussienne-com-sauvegarde-vieux-site\/wp-json\/wp\/v2\/users\/1"}],"replies":[{"embeddable":true,"href":"https:\/\/liturgia.o2switch.net\/lajussienne-com-sauvegarde-vieux-site\/wp-json\/wp\/v2\/comments?post=581"}],"version-history":[{"count":45,"href":"https:\/\/liturgia.o2switch.net\/lajussienne-com-sauvegarde-vieux-site\/wp-json\/wp\/v2\/pages\/581\/revisions"}],"predecessor-version":[{"id":3061,"href":"https:\/\/liturgia.o2switch.net\/lajussienne-com-sauvegarde-vieux-site\/wp-json\/wp\/v2\/pages\/581\/revisions\/3061"}],"up":[{"embeddable":true,"href":"https:\/\/liturgia.o2switch.net\/lajussienne-com-sauvegarde-vieux-site\/wp-json\/wp\/v2\/pages\/305"}],"wp:featuredmedia":[{"embeddable":true,"href":"https:\/\/liturgia.o2switch.net\/lajussienne-com-sauvegarde-vieux-site\/wp-json\/wp\/v2\/media\/587"}],"wp:attachment":[{"href":"https:\/\/liturgia.o2switch.net\/lajussienne-com-sauvegarde-vieux-site\/wp-json\/wp\/v2\/media?parent=581"}],"curies":[{"name":"wp","href":"https:\/\/api.w.org\/{rel}","templated":true}]}}