{"id":7297,"date":"2024-06-17T21:40:38","date_gmt":"2024-06-17T21:40:38","guid":{"rendered":"https:\/\/liturgia.o2switch.net\/lajussienne-com-sauvegarde-vieux-site\/?post_type=product&#038;p=7297"},"modified":"2024-06-17T22:22:08","modified_gmt":"2024-06-17T22:22:08","slug":"paire-de-fauteuils-louis-xv-cannes-depoque-xviiieme","status":"publish","type":"product","link":"https:\/\/liturgia.o2switch.net\/lajussienne-com-sauvegarde-vieux-site\/produit\/paire-de-fauteuils-louis-xv-cannes-depoque-xviiieme\/","title":{"rendered":"Paire de fauteuils Louis XV cann\u00e9s d&rsquo;\u00e9poque XVIII\u00e8me"},"content":{"rendered":"<p>Tr\u00e8s \u00e9l\u00e9gante <strong>paire de fauteuils Louis XV cann\u00e9s<\/strong> en h\u00eatre sculpt\u00e9 et teint\u00e9, \u00e0 dossier mouvement\u00e9 en cabriolet et d\u00e9cor de feuillages stylis\u00e9s ; (petites restaurations). D&rsquo;\u00e9poque XVIII<sup>\u00e8me<\/sup> si\u00e8cle. Probablement du Nord de la France (Flandres).<\/p>\n<ul>Dimensions :<\/p>\n<li>Hauteur : 93 cm<\/li>\n<li>Largeur : 64 cm<\/li>\n<li>Hauteur d&rsquo;assise : 49 cm<\/li>\n<li>Profondeur : 60 cm<\/li>\n<\/ul>\n<p>Les fauteuils pr\u00e9sentent un dossier mouvement\u00e9 en cabriolet, caract\u00e9ristique typique du r\u00e8gne de Louis XV, qui se distingue par ses courbes gracieuses et son ergonomie raffin\u00e9e. Le cannage de l&rsquo;assise et du dossier est ex\u00e9cut\u00e9 avec une grande pr\u00e9cision, offrant \u00e0 la fois l\u00e9g\u00e8ret\u00e9 et confort. Le h\u00eatre, soigneusement sculpt\u00e9, est teint\u00e9 pour mettre en valeur les veinures naturelles du bois, ajoutant ainsi une touche de sophistication.<\/p>\n<p>Le d\u00e9cor de ces fauteuils est orn\u00e9 de feuillages stylis\u00e9s et de rinceaux, tout \u00e0 fait dans le go\u00fbt de l&rsquo;\u00e9poque Louis XV, \u00e9voquant la nature avec une interpr\u00e9tation artistique et \u00e9l\u00e9gante. Les accotoirs incurv\u00e9s et les pieds galb\u00e9s ajoutent une dimension suppl\u00e9mentaire \u00e0 l&rsquo;harmonie esth\u00e9tique de l&rsquo;ensemble.<\/p>\n<p>De petites restaurations ont \u00e9t\u00e9 effectu\u00e9es pour pr\u00e9server l&rsquo;int\u00e9grit\u00e9 et l&rsquo;authenticit\u00e9 de ces pi\u00e8ces d&rsquo;exception, tout en respectant les techniques traditionnelles de l&rsquo;\u00e9b\u00e9nisterie du XVIII\u00e8me si\u00e8cle. Ces fauteuils &#8211; tr\u00e8s solides et parfaitement recann\u00e9s &#8211; ne sont pas seulement des meubles fonctionnels, mais aussi des t\u00e9moignages historiques et des \u0153uvres d&rsquo;art, parfaits pour enrichir une collection ou un int\u00e9rieur raffin\u00e9.<\/p>\n<p>Nous pensons cette paire de fauteuils Louis XV originaire des Flandres, (une origine lyonnaise serait toutefois \u00e9galement possible).<\/p>\n<p>Pour plus d&rsquo;informations ou pour organiser une visite, <a href=\"https:\/\/liturgia.o2switch.net\/lajussienne-com-sauvegarde-vieux-site\/contactez-nous\/\">n&rsquo;h\u00e9sitez pas \u00e0 nous contacter<\/a>. Nous serons ravis de r\u00e9pondre \u00e0 toutes vos questions et de vous accompagner dans l&rsquo;acquisition de cette pi\u00e8ce unique.<\/p>\n<p><a href=\"https:\/\/liturgia.o2switch.net\/lajussienne-com-sauvegarde-vieux-site\/categorie-produit\/antiquites\/chaises-fauteuils\/\" rel=\"noopener\">Retrouvez nos autres si\u00e8ges et fauteuils disponibles sur les Antiquit\u00e9s de La Jussienne<\/a>.<\/p>\n<p>Notre prix ne comprend pas les frais de port (remise possible sur Paris, sinon contacter par exemple <a href=\"https:\/\/www.thepackengers.com\/fr\/contact\" target=\"_blank\" rel=\"noopener\">ThePackengers<\/a>)<\/p>\n","protected":false},"excerpt":{"rendered":"<p>Tr\u00e8s \u00e9l\u00e9gante <strong>paire de fauteuils Louis XV cann\u00e9s<\/strong> en h\u00eatre sculpt\u00e9 et teint\u00e9, \u00e0 dossier mouvement\u00e9 en cabriolet et d\u00e9cor de feuillages stylis\u00e9s ; (petites restaurations). D&rsquo;\u00e9poque XVIII<sup>\u00e8me<\/sup> si\u00e8cle. Probablement du Nord de la France (Flandres).<\/p>\n<p>Cannage en parfait \u00e9tat. Vendus avec deux coussins d&rsquo;assise en cuir aux formes.<\/p>\n<ul>Dimensions :<\/p>\n<li>Hauteur : 91 cm<\/li>\n<li>Largeur : 50 cm<\/li>\n<li>Hauteur d&rsquo;assise : 49 cm<\/li>\n<li>Profondeur : 49 cm<\/li>\n<\/ul>\n<p>Notre prix ne comprend pas les frais de port (remise possible sur Paris, sinon contacter <a href=\"https:\/\/www.thepackengers.com\/fr\/contact\" target=\"_blank\" rel=\"noopener\">ThePackengers<\/a>)<\/p>\n","protected":false},"featured_media":7300,"comment_status":"closed","ping_status":"closed","template":"","meta":[],"product_brand":[],"product_cat":[138,140],"product_tag":[],"class_list":{"0":"post-7297","1":"product","2":"type-product","3":"status-publish","4":"has-post-thumbnail","6":"product_cat-antiquites","7":"product_cat-chaises-fauteuils","8":"infinite-scroll-item","9":"sales-flash-overlay","10":"woocommerce-text-align-center","11":"woocommerce-image-align-center","12":"do-quantity-buttons","13":"wc-has-gallery","15":"first","16":"instock","17":"virtual","18":"purchasable","19":"product-type-simple"},"yoast_head":"<!-- This site is optimized with the Yoast SEO plugin v24.6 - https:\/\/yoast.com\/wordpress\/plugins\/seo\/ -->\n<title>Paire de fauteuils Louis XV cann\u00e9s XVIII\u00e8me - Antiquit\u00e9 - 1125 \u20ac<\/title>\n<meta name=\"description\" content=\"Tr\u00e8s \u00e9l\u00e9gante &amp; belle paire de fauteuils Louis XV cann\u00e9s d&#039;\u00e9poque XVIII\u00e8me en parfait \u00e9tat, beau travail probablement des Flandres, cannage refait, coussins\" \/>\n<meta name=\"robots\" content=\"noindex, follow, max-snippet:-1, max-image-preview:large, max-video-preview:-1\" \/>\n<meta property=\"og:locale\" content=\"fr_FR\" \/>\n<meta property=\"og:type\" content=\"article\" \/>\n<meta property=\"og:title\" content=\"Paire de fauteuils Louis XV cann\u00e9s XVIII\u00e8me - Antiquit\u00e9 - 1125 \u20ac\" \/>\n<meta property=\"og:description\" content=\"Tr\u00e8s \u00e9l\u00e9gante &amp; belle paire de fauteuils Louis XV cann\u00e9s d&#039;\u00e9poque XVIII\u00e8me en parfait \u00e9tat, beau travail probablement des Flandres, cannage refait, coussins\" \/>\n<meta property=\"og:url\" content=\"https:\/\/liturgia.o2switch.net\/lajussienne-com-sauvegarde-vieux-site\/produit\/paire-de-fauteuils-louis-xv-cannes-depoque-xviiieme\/\" \/>\n<meta property=\"og:site_name\" content=\"La Jussienne\" \/>\n<meta property=\"article:modified_time\" content=\"2024-06-17T22:22:08+00:00\" \/>\n<meta property=\"og:image\" content=\"https:\/\/liturgia.o2switch.net\/lajussienne-com-sauvegarde-vieux-site\/wp-content\/uploads\/2024\/06\/Paire-de-fauteuils-Louis-XV-cannes-53.jpg\" \/>\n\t<meta property=\"og:image:width\" content=\"1024\" \/>\n\t<meta property=\"og:image:height\" content=\"768\" \/>\n\t<meta property=\"og:image:type\" content=\"image\/jpeg\" \/>\n<meta name=\"twitter:card\" content=\"summary_large_image\" \/>\n<meta name=\"twitter:label1\" content=\"Dur\u00e9e de lecture estim\u00e9e\" \/>\n\t<meta name=\"twitter:data1\" content=\"2 minutes\" \/>\n<script type=\"application\/ld+json\" class=\"yoast-schema-graph\">{\"@context\":\"https:\/\/schema.org\",\"@graph\":[{\"@type\":\"WebPage\",\"@id\":\"https:\/\/liturgia.o2switch.net\/lajussienne-com-sauvegarde-vieux-site\/produit\/paire-de-fauteuils-louis-xv-cannes-depoque-xviiieme\/\",\"url\":\"https:\/\/liturgia.o2switch.net\/lajussienne-com-sauvegarde-vieux-site\/produit\/paire-de-fauteuils-louis-xv-cannes-depoque-xviiieme\/\",\"name\":\"Paire de fauteuils Louis XV cann\u00e9s XVIII\u00e8me - Antiquit\u00e9 - 1125 \u20ac\",\"isPartOf\":{\"@id\":\"https:\/\/liturgia.o2switch.net\/lajussienne-com-sauvegarde-vieux-site\/#website\"},\"primaryImageOfPage\":{\"@id\":\"https:\/\/liturgia.o2switch.net\/lajussienne-com-sauvegarde-vieux-site\/produit\/paire-de-fauteuils-louis-xv-cannes-depoque-xviiieme\/#primaryimage\"},\"image\":{\"@id\":\"https:\/\/liturgia.o2switch.net\/lajussienne-com-sauvegarde-vieux-site\/produit\/paire-de-fauteuils-louis-xv-cannes-depoque-xviiieme\/#primaryimage\"},\"thumbnailUrl\":\"https:\/\/liturgia.o2switch.net\/lajussienne-com-sauvegarde-vieux-site\/wp-content\/uploads\/2024\/06\/Paire-de-fauteuils-Louis-XV-cannes-53.jpg\",\"datePublished\":\"2024-06-17T21:40:38+00:00\",\"dateModified\":\"2024-06-17T22:22:08+00:00\",\"description\":\"Tr\u00e8s \u00e9l\u00e9gante & belle paire de fauteuils Louis XV cann\u00e9s d'\u00e9poque XVIII\u00e8me en parfait \u00e9tat, beau travail probablement des Flandres, cannage refait, coussins\",\"breadcrumb\":{\"@id\":\"https:\/\/liturgia.o2switch.net\/lajussienne-com-sauvegarde-vieux-site\/produit\/paire-de-fauteuils-louis-xv-cannes-depoque-xviiieme\/#breadcrumb\"},\"inLanguage\":\"fr-FR\",\"potentialAction\":[{\"@type\":\"ReadAction\",\"target\":[\"https:\/\/liturgia.o2switch.net\/lajussienne-com-sauvegarde-vieux-site\/produit\/paire-de-fauteuils-louis-xv-cannes-depoque-xviiieme\/\"]}]},{\"@type\":\"ImageObject\",\"inLanguage\":\"fr-FR\",\"@id\":\"https:\/\/liturgia.o2switch.net\/lajussienne-com-sauvegarde-vieux-site\/produit\/paire-de-fauteuils-louis-xv-cannes-depoque-xviiieme\/#primaryimage\",\"url\":\"https:\/\/liturgia.o2switch.net\/lajussienne-com-sauvegarde-vieux-site\/wp-content\/uploads\/2024\/06\/Paire-de-fauteuils-Louis-XV-cannes-53.jpg\",\"contentUrl\":\"https:\/\/liturgia.o2switch.net\/lajussienne-com-sauvegarde-vieux-site\/wp-content\/uploads\/2024\/06\/Paire-de-fauteuils-Louis-XV-cannes-53.jpg\",\"width\":1024,\"height\":768,\"caption\":\"Paire de fauteuils Louis XV cann\u00e9s d'\u00e9poque XVIII\u00e8me\"},{\"@type\":\"BreadcrumbList\",\"@id\":\"https:\/\/liturgia.o2switch.net\/lajussienne-com-sauvegarde-vieux-site\/produit\/paire-de-fauteuils-louis-xv-cannes-depoque-xviiieme\/#breadcrumb\",\"itemListElement\":[{\"@type\":\"ListItem\",\"position\":1,\"name\":\"Accueil\",\"item\":\"https:\/\/liturgia.o2switch.net\/lajussienne-com-sauvegarde-vieux-site\/\"},{\"@type\":\"ListItem\",\"position\":2,\"name\":\"Boutique\",\"item\":\"https:\/\/liturgia.o2switch.net\/lajussienne-com-sauvegarde-vieux-site\/boutique\/\"},{\"@type\":\"ListItem\",\"position\":3,\"name\":\"Paire de fauteuils Louis XV cann\u00e9s d&rsquo;\u00e9poque XVIII\u00e8me\"}]},{\"@type\":\"WebSite\",\"@id\":\"https:\/\/liturgia.o2switch.net\/lajussienne-com-sauvegarde-vieux-site\/#website\",\"url\":\"https:\/\/liturgia.o2switch.net\/lajussienne-com-sauvegarde-vieux-site\/\",\"name\":\"La Jussienne\",\"description\":\"Un art de vivre \u00e0 la fran\u00e7aise\",\"potentialAction\":[{\"@type\":\"SearchAction\",\"target\":{\"@type\":\"EntryPoint\",\"urlTemplate\":\"https:\/\/liturgia.o2switch.net\/lajussienne-com-sauvegarde-vieux-site\/?s={search_term_string}\"},\"query-input\":{\"@type\":\"PropertyValueSpecification\",\"valueRequired\":true,\"valueName\":\"search_term_string\"}}],\"inLanguage\":\"fr-FR\"}]}<\/script>\n<!-- \/ Yoast SEO plugin. -->","yoast_head_json":{"title":"Paire de fauteuils Louis XV cann\u00e9s XVIII\u00e8me - Antiquit\u00e9 - 1125 \u20ac","description":"Tr\u00e8s \u00e9l\u00e9gante & belle paire de fauteuils Louis XV cann\u00e9s d'\u00e9poque XVIII\u00e8me en parfait \u00e9tat, beau travail probablement des Flandres, cannage refait, coussins","robots":{"index":"noindex","follow":"follow","max-snippet":"max-snippet:-1","max-image-preview":"max-image-preview:large","max-video-preview":"max-video-preview:-1"},"og_locale":"fr_FR","og_type":"article","og_title":"Paire de fauteuils Louis XV cann\u00e9s XVIII\u00e8me - Antiquit\u00e9 - 1125 \u20ac","og_description":"Tr\u00e8s \u00e9l\u00e9gante & belle paire de fauteuils Louis XV cann\u00e9s d'\u00e9poque XVIII\u00e8me en parfait \u00e9tat, beau travail probablement des Flandres, cannage refait, coussins","og_url":"https:\/\/liturgia.o2switch.net\/lajussienne-com-sauvegarde-vieux-site\/produit\/paire-de-fauteuils-louis-xv-cannes-depoque-xviiieme\/","og_site_name":"La Jussienne","article_modified_time":"2024-06-17T22:22:08+00:00","og_image":[{"width":1024,"height":768,"url":"https:\/\/liturgia.o2switch.net\/lajussienne-com-sauvegarde-vieux-site\/wp-content\/uploads\/2024\/06\/Paire-de-fauteuils-Louis-XV-cannes-53.jpg","type":"image\/jpeg"}],"twitter_card":"summary_large_image","twitter_misc":{"Dur\u00e9e de lecture estim\u00e9e":"2 minutes"},"schema":{"@context":"https:\/\/schema.org","@graph":[{"@type":"WebPage","@id":"https:\/\/liturgia.o2switch.net\/lajussienne-com-sauvegarde-vieux-site\/produit\/paire-de-fauteuils-louis-xv-cannes-depoque-xviiieme\/","url":"https:\/\/liturgia.o2switch.net\/lajussienne-com-sauvegarde-vieux-site\/produit\/paire-de-fauteuils-louis-xv-cannes-depoque-xviiieme\/","name":"Paire de fauteuils Louis XV cann\u00e9s XVIII\u00e8me - Antiquit\u00e9 - 1125 \u20ac","isPartOf":{"@id":"https:\/\/liturgia.o2switch.net\/lajussienne-com-sauvegarde-vieux-site\/#website"},"primaryImageOfPage":{"@id":"https:\/\/liturgia.o2switch.net\/lajussienne-com-sauvegarde-vieux-site\/produit\/paire-de-fauteuils-louis-xv-cannes-depoque-xviiieme\/#primaryimage"},"image":{"@id":"https:\/\/liturgia.o2switch.net\/lajussienne-com-sauvegarde-vieux-site\/produit\/paire-de-fauteuils-louis-xv-cannes-depoque-xviiieme\/#primaryimage"},"thumbnailUrl":"https:\/\/liturgia.o2switch.net\/lajussienne-com-sauvegarde-vieux-site\/wp-content\/uploads\/2024\/06\/Paire-de-fauteuils-Louis-XV-cannes-53.jpg","datePublished":"2024-06-17T21:40:38+00:00","dateModified":"2024-06-17T22:22:08+00:00","description":"Tr\u00e8s \u00e9l\u00e9gante & belle paire de fauteuils Louis XV cann\u00e9s d'\u00e9poque XVIII\u00e8me en parfait \u00e9tat, beau travail probablement des Flandres, cannage refait, coussins","breadcrumb":{"@id":"https:\/\/liturgia.o2switch.net\/lajussienne-com-sauvegarde-vieux-site\/produit\/paire-de-fauteuils-louis-xv-cannes-depoque-xviiieme\/#breadcrumb"},"inLanguage":"fr-FR","potentialAction":[{"@type":"ReadAction","target":["https:\/\/liturgia.o2switch.net\/lajussienne-com-sauvegarde-vieux-site\/produit\/paire-de-fauteuils-louis-xv-cannes-depoque-xviiieme\/"]}]},{"@type":"ImageObject","inLanguage":"fr-FR","@id":"https:\/\/liturgia.o2switch.net\/lajussienne-com-sauvegarde-vieux-site\/produit\/paire-de-fauteuils-louis-xv-cannes-depoque-xviiieme\/#primaryimage","url":"https:\/\/liturgia.o2switch.net\/lajussienne-com-sauvegarde-vieux-site\/wp-content\/uploads\/2024\/06\/Paire-de-fauteuils-Louis-XV-cannes-53.jpg","contentUrl":"https:\/\/liturgia.o2switch.net\/lajussienne-com-sauvegarde-vieux-site\/wp-content\/uploads\/2024\/06\/Paire-de-fauteuils-Louis-XV-cannes-53.jpg","width":1024,"height":768,"caption":"Paire de fauteuils Louis XV cann\u00e9s d'\u00e9poque XVIII\u00e8me"},{"@type":"BreadcrumbList","@id":"https:\/\/liturgia.o2switch.net\/lajussienne-com-sauvegarde-vieux-site\/produit\/paire-de-fauteuils-louis-xv-cannes-depoque-xviiieme\/#breadcrumb","itemListElement":[{"@type":"ListItem","position":1,"name":"Accueil","item":"https:\/\/liturgia.o2switch.net\/lajussienne-com-sauvegarde-vieux-site\/"},{"@type":"ListItem","position":2,"name":"Boutique","item":"https:\/\/liturgia.o2switch.net\/lajussienne-com-sauvegarde-vieux-site\/boutique\/"},{"@type":"ListItem","position":3,"name":"Paire de fauteuils Louis XV cann\u00e9s d&rsquo;\u00e9poque XVIII\u00e8me"}]},{"@type":"WebSite","@id":"https:\/\/liturgia.o2switch.net\/lajussienne-com-sauvegarde-vieux-site\/#website","url":"https:\/\/liturgia.o2switch.net\/lajussienne-com-sauvegarde-vieux-site\/","name":"La Jussienne","description":"Un art de vivre \u00e0 la fran\u00e7aise","potentialAction":[{"@type":"SearchAction","target":{"@type":"EntryPoint","urlTemplate":"https:\/\/liturgia.o2switch.net\/lajussienne-com-sauvegarde-vieux-site\/?s={search_term_string}"},"query-input":{"@type":"PropertyValueSpecification","valueRequired":true,"valueName":"search_term_string"}}],"inLanguage":"fr-FR"}]}},"_links":{"self":[{"href":"https:\/\/liturgia.o2switch.net\/lajussienne-com-sauvegarde-vieux-site\/wp-json\/wp\/v2\/product\/7297","targetHints":{"allow":["GET"]}}],"collection":[{"href":"https:\/\/liturgia.o2switch.net\/lajussienne-com-sauvegarde-vieux-site\/wp-json\/wp\/v2\/product"}],"about":[{"href":"https:\/\/liturgia.o2switch.net\/lajussienne-com-sauvegarde-vieux-site\/wp-json\/wp\/v2\/types\/product"}],"replies":[{"embeddable":true,"href":"https:\/\/liturgia.o2switch.net\/lajussienne-com-sauvegarde-vieux-site\/wp-json\/wp\/v2\/comments?post=7297"}],"version-history":[{"count":4,"href":"https:\/\/liturgia.o2switch.net\/lajussienne-com-sauvegarde-vieux-site\/wp-json\/wp\/v2\/product\/7297\/revisions"}],"predecessor-version":[{"id":7356,"href":"https:\/\/liturgia.o2switch.net\/lajussienne-com-sauvegarde-vieux-site\/wp-json\/wp\/v2\/product\/7297\/revisions\/7356"}],"wp:featuredmedia":[{"embeddable":true,"href":"https:\/\/liturgia.o2switch.net\/lajussienne-com-sauvegarde-vieux-site\/wp-json\/wp\/v2\/media\/7300"}],"wp:attachment":[{"href":"https:\/\/liturgia.o2switch.net\/lajussienne-com-sauvegarde-vieux-site\/wp-json\/wp\/v2\/media?parent=7297"}],"wp:term":[{"taxonomy":"product_brand","embeddable":true,"href":"https:\/\/liturgia.o2switch.net\/lajussienne-com-sauvegarde-vieux-site\/wp-json\/wp\/v2\/product_brand?post=7297"},{"taxonomy":"product_cat","embeddable":true,"href":"https:\/\/liturgia.o2switch.net\/lajussienne-com-sauvegarde-vieux-site\/wp-json\/wp\/v2\/product_cat?post=7297"},{"taxonomy":"product_tag","embeddable":true,"href":"https:\/\/liturgia.o2switch.net\/lajussienne-com-sauvegarde-vieux-site\/wp-json\/wp\/v2\/product_tag?post=7297"}],"curies":[{"name":"wp","href":"https:\/\/api.w.org\/{rel}","templated":true}]}}